{"id":920,"date":"2015-07-10T12:55:32","date_gmt":"2015-07-10T12:55:32","guid":{"rendered":"https:\/\/www.oco.ie\/?post_type=library&#038;p=920"},"modified":"2018-01-09T11:24:29","modified_gmt":"2018-01-09T11:24:29","slug":"observations-general-scheme-international-protection-bill-2015","status":"publish","type":"library","link":"https:\/\/www.oco.ie\/ga\/library\/observations-general-scheme-international-protection-bill-2015\/","title":{"rendered":"Observations on the General Scheme of the International Protection Bill 2015"},"content":{"rendered":"<p>The Minister for Justice and Equality published the General Scheme of the International Protection Bill (\u2018the General Scheme\u2019) on 25 March 2015.<\/p>\n<p>This submission is being made to the Minister for Justice and Equality and to the Oireachtas Committee on Justice, Defence and Equality following an invitation to the Ombudsman for Children from the Oireachtas Committee to make a submission and pursuant to Section 7 of the Ombudsman for Children Act 2002, which provides that the Ombudsman for Children may give advice on any matter relating to the rights and welfare of children, including the probable effect on children of the implementation of proposals for legislation.<\/p>\n<p>We have a long-standing interest in and concern about matters affecting the rights and welfare of accompanied and unaccompanied children, who are amongst the most vulnerable children in the State and who face multiple barriers to the realisation of their rights.<\/p>\n<p>The principal purpose of the observations and recommendations made is to propose a number of areas in which the legislation could be enhanced to better serve the interests of accompanied and unaccompanied children and to conform more fully with Ireland\u2019s international human rights obligations.<\/p>\n","protected":false},"author":1,"featured_media":921,"template":"","class_list":["post-920","library","type-library","status-publish","has-post-thumbnail","hentry","resource_type-advice","resource_type-submission","resource_topic-immigration"],"acf":[],"yoast_head":"<!-- This site is optimized with the Yoast SEO plugin v28.3 - https:\/\/yoast.com\/product\/yoast-seo-wordpress\/ -->\n<title>Observations on the General Scheme of the International Protection Bill 2015 - Ombudsman for Children<\/title>\n<meta name=\"robots\" content=\"index, follow, max-snippet:-1, max-image-preview:large, max-video-preview:-1\" \/>\n<link rel=\"canonical\" href=\"https:\/\/www.oco.ie\/ga\/library\/observations-general-scheme-international-protection-bill-2015\/\" \/>\n<meta property=\"og:locale\" content=\"ga_IE\" \/>\n<meta property=\"og:type\" content=\"article\" \/>\n<meta property=\"og:title\" content=\"Observations on the General Scheme of the International Protection Bill 2015 - Ombudsman for Children\" \/>\n<meta property=\"og:description\" content=\"The Minister for Justice and Equality published the General Scheme of the International Protection Bill (\u2018the General Scheme\u2019) on 25 March 2015. This submission is being made to the Minister for Justice and Equality and to ...\" \/>\n<meta property=\"og:url\" content=\"https:\/\/www.oco.ie\/ga\/library\/observations-general-scheme-international-protection-bill-2015\/\" \/>\n<meta property=\"og:site_name\" content=\"Ombudsman for Children\" \/>\n<meta property=\"article:publisher\" content=\"https:\/\/www.facebook.com\/OCOIreland\/\" \/>\n<meta property=\"article:modified_time\" content=\"2018-01-09T11:24:29+00:00\" \/>\n<meta property=\"og:image\" content=\"https:\/\/preprod.oco.ie\/app\/uploads\/2017\/11\/initial-observations-of-the-ombudsman-for-children.png\" \/>\n\t<meta property=\"og:image:width\" content=\"632\" \/>\n\t<meta property=\"og:image:height\" content=\"897\" \/>\n\t<meta property=\"og:image:type\" content=\"image\/png\" \/>\n<meta name=\"twitter:card\" content=\"summary_large_image\" \/>\n<meta name=\"twitter:site\" content=\"@OCO_ireland\" \/>\n<meta name=\"twitter:label1\" content=\"Est. reading time\" \/>\n\t<meta name=\"twitter:data1\" content=\"1 minute\" \/>\n<script type=\"application\/ld+json\" class=\"yoast-schema-graph\">{\"@context\":\"https:\\\/\\\/schema.org\",\"@graph\":[{\"@type\":\"WebPage\",\"@id\":\"https:\\\/\\\/www.oco.ie\\\/ga\\\/library\\\/observations-general-scheme-international-protection-bill-2015\\\/\",\"url\":\"https:\\\/\\\/www.oco.ie\\\/ga\\\/library\\\/observations-general-scheme-international-protection-bill-2015\\\/\",\"name\":\"Observations on the General Scheme of the International Protection Bill 2015 - Ombudsman for Children\",\"isPartOf\":{\"@id\":\"https:\\\/\\\/preprod.oco.ie\\\/#website\"},\"primaryImageOfPage\":{\"@id\":\"https:\\\/\\\/www.oco.ie\\\/ga\\\/library\\\/observations-general-scheme-international-protection-bill-2015\\\/#primaryimage\"},\"image\":{\"@id\":\"https:\\\/\\\/www.oco.ie\\\/ga\\\/library\\\/observations-general-scheme-international-protection-bill-2015\\\/#primaryimage\"},\"thumbnailUrl\":\"https:\\\/\\\/www.oco.ie\\\/app\\\/uploads\\\/2017\\\/11\\\/initial-observations-of-the-ombudsman-for-children.png\",\"datePublished\":\"2015-07-10T12:55:32+00:00\",\"dateModified\":\"2018-01-09T11:24:29+00:00\",\"breadcrumb\":{\"@id\":\"https:\\\/\\\/www.oco.ie\\\/ga\\\/library\\\/observations-general-scheme-international-protection-bill-2015\\\/#breadcrumb\"},\"inLanguage\":\"ga-IE\",\"potentialAction\":[{\"@type\":\"ReadAction\",\"target\":[\"https:\\\/\\\/www.oco.ie\\\/ga\\\/library\\\/observations-general-scheme-international-protection-bill-2015\\\/\"]}]},{\"@type\":\"ImageObject\",\"inLanguage\":\"ga-IE\",\"@id\":\"https:\\\/\\\/www.oco.ie\\\/ga\\\/library\\\/observations-general-scheme-international-protection-bill-2015\\\/#primaryimage\",\"url\":\"https:\\\/\\\/www.oco.ie\\\/app\\\/uploads\\\/2017\\\/11\\\/initial-observations-of-the-ombudsman-for-children.png\",\"contentUrl\":\"https:\\\/\\\/www.oco.ie\\\/app\\\/uploads\\\/2017\\\/11\\\/initial-observations-of-the-ombudsman-for-children.png\",\"width\":632,\"height\":897},{\"@type\":\"BreadcrumbList\",\"@id\":\"https:\\\/\\\/www.oco.ie\\\/ga\\\/library\\\/observations-general-scheme-international-protection-bill-2015\\\/#breadcrumb\",\"itemListElement\":[{\"@type\":\"ListItem\",\"position\":1,\"name\":\"Baile\",\"item\":\"https:\\\/\\\/www.oco.ie\\\/ga\\\/\"},{\"@type\":\"ListItem\",\"position\":2,\"name\":\"Library\",\"item\":\"https:\\\/\\\/www.oco.ie\\\/ga\\\/library\\\/\"},{\"@type\":\"ListItem\",\"position\":3,\"name\":\"Observations on the General Scheme of the International Protection Bill 2015\"}]},{\"@type\":\"WebSite\",\"@id\":\"https:\\\/\\\/preprod.oco.ie\\\/#website\",\"url\":\"https:\\\/\\\/preprod.oco.ie\\\/\",\"name\":\"Ombudsman for Children\",\"description\":\"The OCO investigates complaints about services provided to children by public organisations. The service is free and independent.\",\"publisher\":{\"@id\":\"https:\\\/\\\/preprod.oco.ie\\\/#organization\"},\"potentialAction\":[{\"@type\":\"SearchAction\",\"target\":{\"@type\":\"EntryPoint\",\"urlTemplate\":\"https:\\\/\\\/preprod.oco.ie\\\/?s={search_term_string}\"},\"query-input\":{\"@type\":\"PropertyValueSpecification\",\"valueRequired\":true,\"valueName\":\"search_term_string\"}}],\"inLanguage\":\"ga-IE\"},{\"@type\":\"Organization\",\"@id\":\"https:\\\/\\\/preprod.oco.ie\\\/#organization\",\"name\":\"The Ombudsman for Children\u2019s Office\",\"url\":\"https:\\\/\\\/preprod.oco.ie\\\/\",\"logo\":{\"@type\":\"ImageObject\",\"inLanguage\":\"ga-IE\",\"@id\":\"https:\\\/\\\/preprod.oco.ie\\\/#\\\/schema\\\/logo\\\/image\\\/\",\"url\":\"https:\\\/\\\/www.oco.ie\\\/app\\\/uploads\\\/2018\\\/01\\\/oco.png\",\"contentUrl\":\"https:\\\/\\\/www.oco.ie\\\/app\\\/uploads\\\/2018\\\/01\\\/oco.png\",\"width\":228,\"height\":78,\"caption\":\"The Ombudsman for Children\u2019s Office\"},\"image\":{\"@id\":\"https:\\\/\\\/preprod.oco.ie\\\/#\\\/schema\\\/logo\\\/image\\\/\"},\"sameAs\":[\"https:\\\/\\\/www.facebook.com\\\/OCOIreland\\\/\",\"https:\\\/\\\/x.com\\\/OCO_ireland\",\"https:\\\/\\\/www.instagram.com\\\/ombudsmanforchildren\\\/\",\"https:\\\/\\\/www.youtube.com\\\/user\\\/OCOIreland\"]}]}<\/script>\n<!-- \/ Yoast SEO plugin. -->","yoast_head_json":{"title":"Observations on the General Scheme of the International Protection Bill 2015 - Ombudsman for Children","robots":{"index":"index","follow":"follow","max-snippet":"max-snippet:-1","max-image-preview":"max-image-preview:large","max-video-preview":"max-video-preview:-1"},"canonical":"https:\/\/www.oco.ie\/ga\/library\/observations-general-scheme-international-protection-bill-2015\/","og_locale":"ga_IE","og_type":"article","og_title":"Observations on the General Scheme of the International Protection Bill 2015 - Ombudsman for Children","og_description":"The Minister for Justice and Equality published the General Scheme of the International Protection Bill (\u2018the General Scheme\u2019) on 25 March 2015. This submission is being made to the Minister for Justice and Equality and to ...","og_url":"https:\/\/www.oco.ie\/ga\/library\/observations-general-scheme-international-protection-bill-2015\/","og_site_name":"Ombudsman for Children","article_publisher":"https:\/\/www.facebook.com\/OCOIreland\/","article_modified_time":"2018-01-09T11:24:29+00:00","og_image":[{"width":632,"height":897,"url":"https:\/\/preprod.oco.ie\/app\/uploads\/2017\/11\/initial-observations-of-the-ombudsman-for-children.png","type":"image\/png"}],"twitter_card":"summary_large_image","twitter_site":"@OCO_ireland","twitter_misc":{"Est. reading time":"1 minute"},"schema":{"@context":"https:\/\/schema.org","@graph":[{"@type":"WebPage","@id":"https:\/\/www.oco.ie\/ga\/library\/observations-general-scheme-international-protection-bill-2015\/","url":"https:\/\/www.oco.ie\/ga\/library\/observations-general-scheme-international-protection-bill-2015\/","name":"Observations on the General Scheme of the International Protection Bill 2015 - Ombudsman for Children","isPartOf":{"@id":"https:\/\/preprod.oco.ie\/#website"},"primaryImageOfPage":{"@id":"https:\/\/www.oco.ie\/ga\/library\/observations-general-scheme-international-protection-bill-2015\/#primaryimage"},"image":{"@id":"https:\/\/www.oco.ie\/ga\/library\/observations-general-scheme-international-protection-bill-2015\/#primaryimage"},"thumbnailUrl":"https:\/\/www.oco.ie\/app\/uploads\/2017\/11\/initial-observations-of-the-ombudsman-for-children.png","datePublished":"2015-07-10T12:55:32+00:00","dateModified":"2018-01-09T11:24:29+00:00","breadcrumb":{"@id":"https:\/\/www.oco.ie\/ga\/library\/observations-general-scheme-international-protection-bill-2015\/#breadcrumb"},"inLanguage":"ga-IE","potentialAction":[{"@type":"ReadAction","target":["https:\/\/www.oco.ie\/ga\/library\/observations-general-scheme-international-protection-bill-2015\/"]}]},{"@type":"ImageObject","inLanguage":"ga-IE","@id":"https:\/\/www.oco.ie\/ga\/library\/observations-general-scheme-international-protection-bill-2015\/#primaryimage","url":"https:\/\/www.oco.ie\/app\/uploads\/2017\/11\/initial-observations-of-the-ombudsman-for-children.png","contentUrl":"https:\/\/www.oco.ie\/app\/uploads\/2017\/11\/initial-observations-of-the-ombudsman-for-children.png","width":632,"height":897},{"@type":"BreadcrumbList","@id":"https:\/\/www.oco.ie\/ga\/library\/observations-general-scheme-international-protection-bill-2015\/#breadcrumb","itemListElement":[{"@type":"ListItem","position":1,"name":"Baile","item":"https:\/\/www.oco.ie\/ga\/"},{"@type":"ListItem","position":2,"name":"Library","item":"https:\/\/www.oco.ie\/ga\/library\/"},{"@type":"ListItem","position":3,"name":"Observations on the General Scheme of the International Protection Bill 2015"}]},{"@type":"WebSite","@id":"https:\/\/preprod.oco.ie\/#website","url":"https:\/\/preprod.oco.ie\/","name":"Ombudsman for Children","description":"The OCO investigates complaints about services provided to children by public organisations. The service is free and independent.","publisher":{"@id":"https:\/\/preprod.oco.ie\/#organization"},"potentialAction":[{"@type":"SearchAction","target":{"@type":"EntryPoint","urlTemplate":"https:\/\/preprod.oco.ie\/?s={search_term_string}"},"query-input":{"@type":"PropertyValueSpecification","valueRequired":true,"valueName":"search_term_string"}}],"inLanguage":"ga-IE"},{"@type":"Organization","@id":"https:\/\/preprod.oco.ie\/#organization","name":"The Ombudsman for Children\u2019s Office","url":"https:\/\/preprod.oco.ie\/","logo":{"@type":"ImageObject","inLanguage":"ga-IE","@id":"https:\/\/preprod.oco.ie\/#\/schema\/logo\/image\/","url":"https:\/\/www.oco.ie\/app\/uploads\/2018\/01\/oco.png","contentUrl":"https:\/\/www.oco.ie\/app\/uploads\/2018\/01\/oco.png","width":228,"height":78,"caption":"The Ombudsman for Children\u2019s Office"},"image":{"@id":"https:\/\/preprod.oco.ie\/#\/schema\/logo\/image\/"},"sameAs":["https:\/\/www.facebook.com\/OCOIreland\/","https:\/\/x.com\/OCO_ireland","https:\/\/www.instagram.com\/ombudsmanforchildren\/","https:\/\/www.youtube.com\/user\/OCOIreland"]}]}},"spectra_custom_meta":{"_edit_last":["1"],"_edit_lock":["1515496927:1"],"_thumbnail_id":["921"],"_doc_name":["Observations on the General Scheme of the International Protection Bill 2015"],"_doc_url":["https:\/\/www.oco.ie\/wp-content\/uploads\/2014\/03\/OmbudsmanforChildren_Submission_GSInternationalProtectionBill2015.pdf "],"documents":["1"],"_documents":["field_59fb03b22f9da"],"_secondary_title":[""],"_yoast_wpseo_primary_resource_type":["9"],"_yoast_wpseo_primary_resource_topic":["21"],"_yoast_wpseo_content_score":["30"],"documents_0_document_title":["Observations on the General Scheme of the International Protection Bill 2015"],"_documents_0_document_title":["field_59fb055b2f9db"],"documents_0_document":["793"],"_documents_0_document":["field_59fb06252f9dc"],"documents_0_document_url":[""],"_documents_0_document_url":["field_59fb33d397757"],"documents_0_document_image":[""],"_documents_0_document_image":["field_59fb065a2f9dd"],"irishTitle":["Breathn\u00f3ireacht ar Sc\u00e9im Ghinear\u00e1lta an Bhille um Chosaint Idirn\u00e1isi\u00fanta, 2015"],"irishContent":["D\u2019fhoilsigh an tAire Dl\u00ed agus Cirt agus Comhionannais Sc\u00e9im Ghinear\u00e1lta an Bhille um Chosaint Idirn\u00e1isi\u00fanta (\u2018an Sc\u00e9im Ghinear\u00e1lta\u2019) an 25 M\u00e1rta 2015.\r\n\r\nT\u00e1 an aighneacht seo \u00e1 d\u00e9anamh leis an Aire Dl\u00ed agus Cirt agus Comhionannais agus le Coiste um Dhl\u00ed, Cosaint agus Comhionannas an Oireachtais i ndiaidh gur thug Coiste an Oireachtais cuireadh don Ombudsman do Leana\u00ed aighneacht a dh\u00e9anamh agus de bhun Alt 7 d\u2019Acht an Ombudsman do Leana\u00ed, 2002, ina bhfor\u00e1iltear gur f\u00e9idir leis an Ombudsman do Leana\u00ed comhairle a thabhairt faoi aon cheist a bhaineann le cearta agus leas leana\u00ed, an \u00e9ifeacht dh\u00f3ch\u00fail ar leana\u00ed a bhaineann le cur i bhfeidhm na dtogra\u00ed don reachta\u00edocht ina measc.\r\n\r\nIs sp\u00e9is linn agus \u00e1bhar buartha d\u00fainn, le fada an l\u00e1, ceisteanna a imr\u00edonn tionchar ar chearta agus leas leana\u00ed tionlactha agus neamhthionlactha, at\u00e1 i measc na leana\u00ed is leochail\u00ed sa St\u00e1t agus a bhfuil roinnt bacainn\u00ed roimh fh\u00edor\u00fa a gceart.\r\n\r\nIs \u00e9 pr\u00edomhchusp\u00f3ir na breathn\u00f3ireachta agus na molta\u00ed a rinneadh chun roinnt limist\u00e9ar a bheart\u00fa ina bhf\u00e9adfa\u00ed barr feabhais a chur ar an reachta\u00edocht chun freastal n\u00edos fearr ar leasanna na leana\u00ed tionlactha agus neamhthionlactha agus chun clo\u00ed n\u00edos m\u00f3 le hoibleag\u00e1id\u00ed idirn\u00e1isi\u00fanta um chearta daonna na h\u00c9ireann."],"irishSecondaryTitle":[""],"_sbi_oembed_done_checking":["1"],"_wpml_word_count":["219"],"_uag_page_assets":["a:9:{s:3:\"css\";s:0:\"\";s:2:\"js\";s:0:\"\";s:18:\"current_block_list\";a:0:{}s:8:\"uag_flag\";b:0;s:11:\"uag_version\";s:10:\"1788210376\";s:6:\"gfonts\";a:0:{}s:10:\"gfonts_url\";s:0:\"\";s:12:\"gfonts_files\";a:0:{}s:14:\"uag_faq_layout\";b:0;}"]},"uagb_featured_image_src":{"full":["https:\/\/www.oco.ie\/app\/uploads\/2017\/11\/initial-observations-of-the-ombudsman-for-children.png",632,897,false],"thumbnail":["https:\/\/www.oco.ie\/app\/uploads\/2017\/11\/initial-observations-of-the-ombudsman-for-children-e1509627325694-150x150.png",150,150,true],"medium":["https:\/\/www.oco.ie\/app\/uploads\/2017\/11\/initial-observations-of-the-ombudsman-for-children-211x300.png",211,300,true],"medium_large":["https:\/\/www.oco.ie\/app\/uploads\/2017\/11\/initial-observations-of-the-ombudsman-for-children.png",632,897,false],"large":["https:\/\/www.oco.ie\/app\/uploads\/2017\/11\/initial-observations-of-the-ombudsman-for-children-599x850.png",599,850,true],"1536x1536":["https:\/\/www.oco.ie\/app\/uploads\/2017\/11\/initial-observations-of-the-ombudsman-for-children.png",632,897,false],"2048x2048":["https:\/\/www.oco.ie\/app\/uploads\/2017\/11\/initial-observations-of-the-ombudsman-for-children.png",632,897,false],"post-thumbnail":["https:\/\/www.oco.ie\/app\/uploads\/2017\/11\/initial-observations-of-the-ombudsman-for-children-150x150.png",150,150,true],"size_150x150":["https:\/\/www.oco.ie\/app\/uploads\/2017\/11\/initial-observations-of-the-ombudsman-for-children-150x150.png",150,150,true],"gform-image-choice-sm":["https:\/\/www.oco.ie\/app\/uploads\/2017\/11\/initial-observations-of-the-ombudsman-for-children.png",211,300,false],"gform-image-choice-md":["https:\/\/www.oco.ie\/app\/uploads\/2017\/11\/initial-observations-of-the-ombudsman-for-children.png",282,400,false],"gform-image-choice-lg":["https:\/\/www.oco.ie\/app\/uploads\/2017\/11\/initial-observations-of-the-ombudsman-for-children.png",423,600,false]},"uagb_author_info":{"display_name":"fusio","author_link":"https:\/\/www.oco.ie\/ga\/news\/author\/fusio\/"},"uagb_comment_info":0,"uagb_excerpt":"The Minister for Justice and Equality published the General Scheme of the International Protection Bill (\u2018the General Scheme\u2019) on 25 March 2015. This submission is being made to the Minister for Justice and Equality and to ...","_links":{"self":[{"href":"https:\/\/www.oco.ie\/ga\/wp-json\/wp\/v2\/library\/920","targetHints":{"allow":["GET"]}}],"collection":[{"href":"https:\/\/www.oco.ie\/ga\/wp-json\/wp\/v2\/library"}],"about":[{"href":"https:\/\/www.oco.ie\/ga\/wp-json\/wp\/v2\/types\/library"}],"author":[{"embeddable":true,"href":"https:\/\/www.oco.ie\/ga\/wp-json\/wp\/v2\/users\/1"}],"wp:featuredmedia":[{"embeddable":true,"href":"https:\/\/www.oco.ie\/ga\/wp-json\/wp\/v2\/media\/921"}],"wp:attachment":[{"href":"https:\/\/www.oco.ie\/ga\/wp-json\/wp\/v2\/media?parent=920"}],"curies":[{"name":"wp","href":"https:\/\/api.w.org\/{rel}","templated":true}]}}