{"id":914,"date":"2017-04-05T12:48:52","date_gmt":"2017-04-05T12:48:52","guid":{"rendered":"https:\/\/www.oco.ie\/?post_type=library&#038;p=914"},"modified":"2018-06-05T16:16:20","modified_gmt":"2018-06-05T16:16:20","slug":"presentation-joint-oireachtas-committee-children-youth-affairs-relation-general-scheme-child-care-amendment-bill-2017","status":"publish","type":"library","link":"https:\/\/www.oco.ie\/ga\/library\/presentation-joint-oireachtas-committee-children-youth-affairs-relation-general-scheme-child-care-amendment-bill-2017\/","title":{"rendered":"Presentation to the Joint Oireachtas Committee on Children and Youth Affairs in relation to General Scheme of the Child Care (Amendment) Bill 2017"},"content":{"rendered":"<p>On 5th April 2017, the Ombudsman for Children, Dr Niall Muldoon appeared before the Oireachtas Committee on Children and Youth Affairs to discuss the Office\u2019s submission on the Child Care (Amendment) Bill 2017.<br \/>\nRead his contribution in full.<\/p>\n","protected":false},"author":1,"featured_media":915,"template":"","class_list":["post-914","library","type-library","status-publish","has-post-thumbnail","hentry","resource_type-presentation","resource_topic-children-in-care"],"acf":[],"yoast_head":"<!-- This site is optimized with the Yoast SEO plugin v28.3 - https:\/\/yoast.com\/product\/yoast-seo-wordpress\/ -->\n<title>Presentation to the Joint Oireachtas Committee on Children and Youth Affairs in relation to General Scheme of the Child Care (Amendment) Bill 2017 - Ombudsman for Children<\/title>\n<meta name=\"robots\" content=\"index, follow, max-snippet:-1, max-image-preview:large, max-video-preview:-1\" \/>\n<link rel=\"canonical\" href=\"https:\/\/www.oco.ie\/ga\/library\/presentation-joint-oireachtas-committee-children-youth-affairs-relation-general-scheme-child-care-amendment-bill-2017\/\" \/>\n<meta property=\"og:locale\" content=\"ga_IE\" \/>\n<meta property=\"og:type\" content=\"article\" \/>\n<meta property=\"og:title\" content=\"Presentation to the Joint Oireachtas Committee on Children and Youth Affairs in relation to General Scheme of the Child Care (Amendment) Bill 2017 - Ombudsman for Children\" \/>\n<meta property=\"og:description\" content=\"On 5th April 2017, the Ombudsman for Children, Dr Niall Muldoon appeared before the Oireachtas Committee on Children and Youth Affairs to discuss the Office\u2019s submission on the Child Care (Amendment) Bill 2017. Read his contribution ...\" \/>\n<meta property=\"og:url\" content=\"https:\/\/www.oco.ie\/ga\/library\/presentation-joint-oireachtas-committee-children-youth-affairs-relation-general-scheme-child-care-amendment-bill-2017\/\" \/>\n<meta property=\"og:site_name\" content=\"Ombudsman for Children\" \/>\n<meta property=\"article:publisher\" content=\"https:\/\/www.facebook.com\/OCOIreland\/\" \/>\n<meta property=\"article:modified_time\" content=\"2018-06-05T16:16:20+00:00\" \/>\n<meta property=\"og:image\" content=\"https:\/\/preprod.oco.ie\/app\/uploads\/2017\/11\/presentation-to-the-joint-oireachtas-committee.png\" \/>\n\t<meta property=\"og:image:width\" content=\"632\" \/>\n\t<meta property=\"og:image:height\" content=\"896\" \/>\n\t<meta property=\"og:image:type\" content=\"image\/png\" \/>\n<meta name=\"twitter:card\" content=\"summary_large_image\" \/>\n<meta name=\"twitter:site\" content=\"@OCO_ireland\" \/>\n<script type=\"application\/ld+json\" class=\"yoast-schema-graph\">{\"@context\":\"https:\\\/\\\/schema.org\",\"@graph\":[{\"@type\":\"WebPage\",\"@id\":\"https:\\\/\\\/www.oco.ie\\\/ga\\\/library\\\/presentation-joint-oireachtas-committee-children-youth-affairs-relation-general-scheme-child-care-amendment-bill-2017\\\/\",\"url\":\"https:\\\/\\\/www.oco.ie\\\/ga\\\/library\\\/presentation-joint-oireachtas-committee-children-youth-affairs-relation-general-scheme-child-care-amendment-bill-2017\\\/\",\"name\":\"Presentation to the Joint Oireachtas Committee on Children and Youth Affairs in relation to General Scheme of the Child Care (Amendment) Bill 2017 - Ombudsman for Children\",\"isPartOf\":{\"@id\":\"https:\\\/\\\/preprod.oco.ie\\\/#website\"},\"primaryImageOfPage\":{\"@id\":\"https:\\\/\\\/www.oco.ie\\\/ga\\\/library\\\/presentation-joint-oireachtas-committee-children-youth-affairs-relation-general-scheme-child-care-amendment-bill-2017\\\/#primaryimage\"},\"image\":{\"@id\":\"https:\\\/\\\/www.oco.ie\\\/ga\\\/library\\\/presentation-joint-oireachtas-committee-children-youth-affairs-relation-general-scheme-child-care-amendment-bill-2017\\\/#primaryimage\"},\"thumbnailUrl\":\"https:\\\/\\\/www.oco.ie\\\/app\\\/uploads\\\/2017\\\/11\\\/presentation-to-the-joint-oireachtas-committee.png\",\"datePublished\":\"2017-04-05T12:48:52+00:00\",\"dateModified\":\"2018-06-05T16:16:20+00:00\",\"breadcrumb\":{\"@id\":\"https:\\\/\\\/www.oco.ie\\\/ga\\\/library\\\/presentation-joint-oireachtas-committee-children-youth-affairs-relation-general-scheme-child-care-amendment-bill-2017\\\/#breadcrumb\"},\"inLanguage\":\"ga-IE\",\"potentialAction\":[{\"@type\":\"ReadAction\",\"target\":[\"https:\\\/\\\/www.oco.ie\\\/ga\\\/library\\\/presentation-joint-oireachtas-committee-children-youth-affairs-relation-general-scheme-child-care-amendment-bill-2017\\\/\"]}]},{\"@type\":\"ImageObject\",\"inLanguage\":\"ga-IE\",\"@id\":\"https:\\\/\\\/www.oco.ie\\\/ga\\\/library\\\/presentation-joint-oireachtas-committee-children-youth-affairs-relation-general-scheme-child-care-amendment-bill-2017\\\/#primaryimage\",\"url\":\"https:\\\/\\\/www.oco.ie\\\/app\\\/uploads\\\/2017\\\/11\\\/presentation-to-the-joint-oireachtas-committee.png\",\"contentUrl\":\"https:\\\/\\\/www.oco.ie\\\/app\\\/uploads\\\/2017\\\/11\\\/presentation-to-the-joint-oireachtas-committee.png\",\"width\":632,\"height\":896},{\"@type\":\"BreadcrumbList\",\"@id\":\"https:\\\/\\\/www.oco.ie\\\/ga\\\/library\\\/presentation-joint-oireachtas-committee-children-youth-affairs-relation-general-scheme-child-care-amendment-bill-2017\\\/#breadcrumb\",\"itemListElement\":[{\"@type\":\"ListItem\",\"position\":1,\"name\":\"Baile\",\"item\":\"https:\\\/\\\/www.oco.ie\\\/ga\\\/\"},{\"@type\":\"ListItem\",\"position\":2,\"name\":\"Library\",\"item\":\"https:\\\/\\\/www.oco.ie\\\/ga\\\/library\\\/\"},{\"@type\":\"ListItem\",\"position\":3,\"name\":\"Presentation to the Joint Oireachtas Committee on Children and Youth Affairs in relation to General Scheme of the Child Care (Amendment) Bill 2017\"}]},{\"@type\":\"WebSite\",\"@id\":\"https:\\\/\\\/preprod.oco.ie\\\/#website\",\"url\":\"https:\\\/\\\/preprod.oco.ie\\\/\",\"name\":\"Ombudsman for Children\",\"description\":\"The OCO investigates complaints about services provided to children by public organisations. The service is free and independent.\",\"publisher\":{\"@id\":\"https:\\\/\\\/preprod.oco.ie\\\/#organization\"},\"potentialAction\":[{\"@type\":\"SearchAction\",\"target\":{\"@type\":\"EntryPoint\",\"urlTemplate\":\"https:\\\/\\\/preprod.oco.ie\\\/?s={search_term_string}\"},\"query-input\":{\"@type\":\"PropertyValueSpecification\",\"valueRequired\":true,\"valueName\":\"search_term_string\"}}],\"inLanguage\":\"ga-IE\"},{\"@type\":\"Organization\",\"@id\":\"https:\\\/\\\/preprod.oco.ie\\\/#organization\",\"name\":\"The Ombudsman for Children\u2019s Office\",\"url\":\"https:\\\/\\\/preprod.oco.ie\\\/\",\"logo\":{\"@type\":\"ImageObject\",\"inLanguage\":\"ga-IE\",\"@id\":\"https:\\\/\\\/preprod.oco.ie\\\/#\\\/schema\\\/logo\\\/image\\\/\",\"url\":\"https:\\\/\\\/www.oco.ie\\\/app\\\/uploads\\\/2018\\\/01\\\/oco.png\",\"contentUrl\":\"https:\\\/\\\/www.oco.ie\\\/app\\\/uploads\\\/2018\\\/01\\\/oco.png\",\"width\":228,\"height\":78,\"caption\":\"The Ombudsman for Children\u2019s Office\"},\"image\":{\"@id\":\"https:\\\/\\\/preprod.oco.ie\\\/#\\\/schema\\\/logo\\\/image\\\/\"},\"sameAs\":[\"https:\\\/\\\/www.facebook.com\\\/OCOIreland\\\/\",\"https:\\\/\\\/x.com\\\/OCO_ireland\",\"https:\\\/\\\/www.instagram.com\\\/ombudsmanforchildren\\\/\",\"https:\\\/\\\/www.youtube.com\\\/user\\\/OCOIreland\"]}]}<\/script>\n<!-- \/ Yoast SEO plugin. -->","yoast_head_json":{"title":"Presentation to the Joint Oireachtas Committee on Children and Youth Affairs in relation to General Scheme of the Child Care (Amendment) Bill 2017 - Ombudsman for Children","robots":{"index":"index","follow":"follow","max-snippet":"max-snippet:-1","max-image-preview":"max-image-preview:large","max-video-preview":"max-video-preview:-1"},"canonical":"https:\/\/www.oco.ie\/ga\/library\/presentation-joint-oireachtas-committee-children-youth-affairs-relation-general-scheme-child-care-amendment-bill-2017\/","og_locale":"ga_IE","og_type":"article","og_title":"Presentation to the Joint Oireachtas Committee on Children and Youth Affairs in relation to General Scheme of the Child Care (Amendment) Bill 2017 - Ombudsman for Children","og_description":"On 5th April 2017, the Ombudsman for Children, Dr Niall Muldoon appeared before the Oireachtas Committee on Children and Youth Affairs to discuss the Office\u2019s submission on the Child Care (Amendment) Bill 2017. Read his contribution ...","og_url":"https:\/\/www.oco.ie\/ga\/library\/presentation-joint-oireachtas-committee-children-youth-affairs-relation-general-scheme-child-care-amendment-bill-2017\/","og_site_name":"Ombudsman for Children","article_publisher":"https:\/\/www.facebook.com\/OCOIreland\/","article_modified_time":"2018-06-05T16:16:20+00:00","og_image":[{"width":632,"height":896,"url":"https:\/\/preprod.oco.ie\/app\/uploads\/2017\/11\/presentation-to-the-joint-oireachtas-committee.png","type":"image\/png"}],"twitter_card":"summary_large_image","twitter_site":"@OCO_ireland","schema":{"@context":"https:\/\/schema.org","@graph":[{"@type":"WebPage","@id":"https:\/\/www.oco.ie\/ga\/library\/presentation-joint-oireachtas-committee-children-youth-affairs-relation-general-scheme-child-care-amendment-bill-2017\/","url":"https:\/\/www.oco.ie\/ga\/library\/presentation-joint-oireachtas-committee-children-youth-affairs-relation-general-scheme-child-care-amendment-bill-2017\/","name":"Presentation to the Joint Oireachtas Committee on Children and Youth Affairs in relation to General Scheme of the Child Care (Amendment) Bill 2017 - Ombudsman for Children","isPartOf":{"@id":"https:\/\/preprod.oco.ie\/#website"},"primaryImageOfPage":{"@id":"https:\/\/www.oco.ie\/ga\/library\/presentation-joint-oireachtas-committee-children-youth-affairs-relation-general-scheme-child-care-amendment-bill-2017\/#primaryimage"},"image":{"@id":"https:\/\/www.oco.ie\/ga\/library\/presentation-joint-oireachtas-committee-children-youth-affairs-relation-general-scheme-child-care-amendment-bill-2017\/#primaryimage"},"thumbnailUrl":"https:\/\/www.oco.ie\/app\/uploads\/2017\/11\/presentation-to-the-joint-oireachtas-committee.png","datePublished":"2017-04-05T12:48:52+00:00","dateModified":"2018-06-05T16:16:20+00:00","breadcrumb":{"@id":"https:\/\/www.oco.ie\/ga\/library\/presentation-joint-oireachtas-committee-children-youth-affairs-relation-general-scheme-child-care-amendment-bill-2017\/#breadcrumb"},"inLanguage":"ga-IE","potentialAction":[{"@type":"ReadAction","target":["https:\/\/www.oco.ie\/ga\/library\/presentation-joint-oireachtas-committee-children-youth-affairs-relation-general-scheme-child-care-amendment-bill-2017\/"]}]},{"@type":"ImageObject","inLanguage":"ga-IE","@id":"https:\/\/www.oco.ie\/ga\/library\/presentation-joint-oireachtas-committee-children-youth-affairs-relation-general-scheme-child-care-amendment-bill-2017\/#primaryimage","url":"https:\/\/www.oco.ie\/app\/uploads\/2017\/11\/presentation-to-the-joint-oireachtas-committee.png","contentUrl":"https:\/\/www.oco.ie\/app\/uploads\/2017\/11\/presentation-to-the-joint-oireachtas-committee.png","width":632,"height":896},{"@type":"BreadcrumbList","@id":"https:\/\/www.oco.ie\/ga\/library\/presentation-joint-oireachtas-committee-children-youth-affairs-relation-general-scheme-child-care-amendment-bill-2017\/#breadcrumb","itemListElement":[{"@type":"ListItem","position":1,"name":"Baile","item":"https:\/\/www.oco.ie\/ga\/"},{"@type":"ListItem","position":2,"name":"Library","item":"https:\/\/www.oco.ie\/ga\/library\/"},{"@type":"ListItem","position":3,"name":"Presentation to the Joint Oireachtas Committee on Children and Youth Affairs in relation to General Scheme of the Child Care (Amendment) Bill 2017"}]},{"@type":"WebSite","@id":"https:\/\/preprod.oco.ie\/#website","url":"https:\/\/preprod.oco.ie\/","name":"Ombudsman for Children","description":"The OCO investigates complaints about services provided to children by public organisations. The service is free and independent.","publisher":{"@id":"https:\/\/preprod.oco.ie\/#organization"},"potentialAction":[{"@type":"SearchAction","target":{"@type":"EntryPoint","urlTemplate":"https:\/\/preprod.oco.ie\/?s={search_term_string}"},"query-input":{"@type":"PropertyValueSpecification","valueRequired":true,"valueName":"search_term_string"}}],"inLanguage":"ga-IE"},{"@type":"Organization","@id":"https:\/\/preprod.oco.ie\/#organization","name":"The Ombudsman for Children\u2019s Office","url":"https:\/\/preprod.oco.ie\/","logo":{"@type":"ImageObject","inLanguage":"ga-IE","@id":"https:\/\/preprod.oco.ie\/#\/schema\/logo\/image\/","url":"https:\/\/www.oco.ie\/app\/uploads\/2018\/01\/oco.png","contentUrl":"https:\/\/www.oco.ie\/app\/uploads\/2018\/01\/oco.png","width":228,"height":78,"caption":"The Ombudsman for Children\u2019s Office"},"image":{"@id":"https:\/\/preprod.oco.ie\/#\/schema\/logo\/image\/"},"sameAs":["https:\/\/www.facebook.com\/OCOIreland\/","https:\/\/x.com\/OCO_ireland","https:\/\/www.instagram.com\/ombudsmanforchildren\/","https:\/\/www.youtube.com\/user\/OCOIreland"]}]}},"spectra_custom_meta":{"_edit_last":["6"],"_edit_lock":["1528215241:6"],"_thumbnail_id":["915"],"_doc_name":["Presentation to the Joint Oireachtas Committee on Children and Youth Affairs in relation to General Scheme of the Child Care (Amendment) Bill 2017"],"_doc_url":["https:\/\/www.oco.ie\/wp-content\/uploads\/2014\/03\/GAL-submission-and-presentation.pdf "],"documents":["2"],"_documents":["field_59fb03b22f9da"],"_secondary_title":[""],"_yoast_wpseo_primary_resource_type":["11"],"_yoast_wpseo_primary_resource_topic":["26"],"_yoast_wpseo_content_score":["30"],"documents_0_document_title":["Presentation to the Joint Oireachtas Committee on Children and Youth Affairs in relation to General Scheme of the Child Care (Amendment) Bill 2017"],"_documents_0_document_title":["field_59fb055b2f9db"],"documents_0_document":["1925"],"_documents_0_document":["field_59fb06252f9dc"],"documents_0_document_url":[""],"_documents_0_document_url":["field_59fb33d397757"],"documents_0_document_image":[""],"_documents_0_document_image":["field_59fb065a2f9dd"],"irishTitle":["Sc\u00e9im Ghinear\u00e1lta an Bhille um Ch\u00faram Leana\u00ed (Leas\u00fa), 2017 a chur faoi bhr\u00e1id Chomhchoiste an Oireachtais um Leana\u00ed agus Gn\u00f3tha\u00ed \u00d3ige "],"irishContent":["An 5 Aibre\u00e1n 2017, th\u00e1inig an tOmbudsman do Leana\u00ed, an Dr Niall Muldoon os comhair Choiste an Oireachtais um Leana\u00ed agus Gn\u00f3tha\u00ed \u00d3ige chun pl\u00e9 a dh\u00e9anamh ar aighneacht na hOifige ar an mBille um Ch\u00faram Leana\u00ed (Leas\u00fa) 2017.\r\nIs f\u00e9idir a rannchuidi\u00fa ina ioml\u00e1ine a l\u00e9amh."],"irishSecondaryTitle":[""],"documents_1_document_title":["Submission on the General Scheme of the Child Care (Amendment) Bill 2017"],"_documents_1_document_title":["field_59fb055b2f9db"],"documents_1_document":["2457"],"_documents_1_document":["field_59fb06252f9dc"],"documents_1_document_url":[""],"_documents_1_document_url":["field_59fb33d397757"],"_sbi_oembed_done_checking":["1"],"_wpml_word_count":["63"],"_uag_page_assets":["a:9:{s:3:\"css\";s:0:\"\";s:2:\"js\";s:0:\"\";s:18:\"current_block_list\";a:0:{}s:8:\"uag_flag\";b:0;s:11:\"uag_version\";s:10:\"1788036570\";s:6:\"gfonts\";a:0:{}s:10:\"gfonts_url\";s:0:\"\";s:12:\"gfonts_files\";a:0:{}s:14:\"uag_faq_layout\";b:0;}"]},"uagb_featured_image_src":{"full":["https:\/\/www.oco.ie\/app\/uploads\/2017\/11\/presentation-to-the-joint-oireachtas-committee.png",632,896,false],"thumbnail":["https:\/\/www.oco.ie\/app\/uploads\/2017\/11\/presentation-to-the-joint-oireachtas-committee-e1509626926934-150x150.png",150,150,true],"medium":["https:\/\/www.oco.ie\/app\/uploads\/2017\/11\/presentation-to-the-joint-oireachtas-committee-212x300.png",212,300,true],"medium_large":["https:\/\/www.oco.ie\/app\/uploads\/2017\/11\/presentation-to-the-joint-oireachtas-committee.png",632,896,false],"large":["https:\/\/www.oco.ie\/app\/uploads\/2017\/11\/presentation-to-the-joint-oireachtas-committee-600x850.png",600,850,true],"1536x1536":["https:\/\/www.oco.ie\/app\/uploads\/2017\/11\/presentation-to-the-joint-oireachtas-committee.png",632,896,false],"2048x2048":["https:\/\/www.oco.ie\/app\/uploads\/2017\/11\/presentation-to-the-joint-oireachtas-committee.png",632,896,false],"post-thumbnail":["https:\/\/www.oco.ie\/app\/uploads\/2017\/11\/presentation-to-the-joint-oireachtas-committee-150x150.png",150,150,true],"size_150x150":["https:\/\/www.oco.ie\/app\/uploads\/2017\/11\/presentation-to-the-joint-oireachtas-committee-150x150.png",150,150,true],"gform-image-choice-sm":["https:\/\/www.oco.ie\/app\/uploads\/2017\/11\/presentation-to-the-joint-oireachtas-committee.png",212,300,false],"gform-image-choice-md":["https:\/\/www.oco.ie\/app\/uploads\/2017\/11\/presentation-to-the-joint-oireachtas-committee.png",282,400,false],"gform-image-choice-lg":["https:\/\/www.oco.ie\/app\/uploads\/2017\/11\/presentation-to-the-joint-oireachtas-committee.png",423,600,false]},"uagb_author_info":{"display_name":"fusio","author_link":"https:\/\/www.oco.ie\/ga\/news\/author\/fusio\/"},"uagb_comment_info":0,"uagb_excerpt":"On 5th April 2017, the Ombudsman for Children, Dr Niall Muldoon appeared before the Oireachtas Committee on Children and Youth Affairs to discuss the Office\u2019s submission on the Child Care (Amendment) Bill 2017. Read his contribution ...","_links":{"self":[{"href":"https:\/\/www.oco.ie\/ga\/wp-json\/wp\/v2\/library\/914","targetHints":{"allow":["GET"]}}],"collection":[{"href":"https:\/\/www.oco.ie\/ga\/wp-json\/wp\/v2\/library"}],"about":[{"href":"https:\/\/www.oco.ie\/ga\/wp-json\/wp\/v2\/types\/library"}],"author":[{"embeddable":true,"href":"https:\/\/www.oco.ie\/ga\/wp-json\/wp\/v2\/users\/1"}],"wp:featuredmedia":[{"embeddable":true,"href":"https:\/\/www.oco.ie\/ga\/wp-json\/wp\/v2\/media\/915"}],"wp:attachment":[{"href":"https:\/\/www.oco.ie\/ga\/wp-json\/wp\/v2\/media?parent=914"}],"curies":[{"name":"wp","href":"https:\/\/api.w.org\/{rel}","templated":true}]}}