{"id":896,"date":"2013-05-20T12:22:59","date_gmt":"2013-05-20T12:22:59","guid":{"rendered":"https:\/\/www.oco.ie\/?post_type=library&#038;p=896"},"modified":"2018-01-09T12:17:29","modified_gmt":"2018-01-09T12:17:29","slug":"education-children-care-ireland-exploratory-study","status":"publish","type":"library","link":"https:\/\/www.oco.ie\/ga\/library\/education-children-care-ireland-exploratory-study\/","title":{"rendered":"Education of children in care in Ireland: An exploratory study"},"content":{"rendered":"<p>In 2007, we published baseline research on the principal barriers facing children in Ireland in the achievement of their rights. Children in care were one of several groups of children identified as facing multiple obstacles to the enjoyment of their rights.<\/p>\n<p>When the circumstances and experiences of children in care come under the spotlight, the focus is often on matters relating to their safety, protection and welfare. While work to identify, highlight and address shortfalls in this area is vital, we should be mindful not to overlook or neglect other significant areas of these children\u2019s lives. One such area is their education.<\/p>\n<p>We commissioned the Economic and Social Research Institute and the Children\u2019s Research Centre, Trinity College to conduct research to strengthen our understanding of the educational experiences of children in care and identify ways in which the Irish education system, in conjunction with health and social services, can best support attendance, participation and attainment in education by children in care. The research comprised three strands: a literature review, which considered developments in policy and practice in Ireland and in other jurisdictions; interviews with policy-makers, practitioners and carers in Ireland; and direct engagement with children in care and young care leavers.<\/p>\n","protected":false},"author":1,"featured_media":897,"template":"","class_list":["post-896","library","type-library","status-publish","has-post-thumbnail","hentry","resource_type-research","resource_topic-children-in-care","resource_topic-education"],"acf":[],"yoast_head":"<!-- This site is optimized with the Yoast SEO plugin v28.3 - https:\/\/yoast.com\/product\/yoast-seo-wordpress\/ -->\n<title>Education of children in care in Ireland: An exploratory study - Ombudsman for Children<\/title>\n<meta name=\"robots\" content=\"index, follow, max-snippet:-1, max-image-preview:large, max-video-preview:-1\" \/>\n<link rel=\"canonical\" href=\"https:\/\/www.oco.ie\/ga\/library\/education-children-care-ireland-exploratory-study\/\" \/>\n<meta property=\"og:locale\" content=\"ga_IE\" \/>\n<meta property=\"og:type\" content=\"article\" \/>\n<meta property=\"og:title\" content=\"Education of children in care in Ireland: An exploratory study - Ombudsman for Children\" \/>\n<meta property=\"og:description\" content=\"In 2007, we published baseline research on the principal barriers facing children in Ireland in the achievement of their rights. Children in care were one of several groups of children identified as facing multiple obstacles to ...\" \/>\n<meta property=\"og:url\" content=\"https:\/\/www.oco.ie\/ga\/library\/education-children-care-ireland-exploratory-study\/\" \/>\n<meta property=\"og:site_name\" content=\"Ombudsman for Children\" \/>\n<meta property=\"article:publisher\" content=\"https:\/\/www.facebook.com\/OCOIreland\/\" \/>\n<meta property=\"article:modified_time\" content=\"2018-01-09T12:17:29+00:00\" \/>\n<meta property=\"og:image\" content=\"https:\/\/preprod.oco.ie\/app\/uploads\/2017\/11\/education-of-children-in-care-in-ireland.png\" \/>\n\t<meta property=\"og:image:width\" content=\"629\" \/>\n\t<meta property=\"og:image:height\" content=\"891\" \/>\n\t<meta property=\"og:image:type\" content=\"image\/png\" \/>\n<meta name=\"twitter:card\" content=\"summary_large_image\" \/>\n<meta name=\"twitter:site\" content=\"@OCO_ireland\" \/>\n<meta name=\"twitter:label1\" content=\"Est. reading time\" \/>\n\t<meta name=\"twitter:data1\" content=\"1 minute\" \/>\n<script type=\"application\/ld+json\" class=\"yoast-schema-graph\">{\"@context\":\"https:\\\/\\\/schema.org\",\"@graph\":[{\"@type\":\"WebPage\",\"@id\":\"https:\\\/\\\/www.oco.ie\\\/ga\\\/library\\\/education-children-care-ireland-exploratory-study\\\/\",\"url\":\"https:\\\/\\\/www.oco.ie\\\/ga\\\/library\\\/education-children-care-ireland-exploratory-study\\\/\",\"name\":\"Education of children in care in Ireland: An exploratory study - Ombudsman for Children\",\"isPartOf\":{\"@id\":\"https:\\\/\\\/preprod.oco.ie\\\/#website\"},\"primaryImageOfPage\":{\"@id\":\"https:\\\/\\\/www.oco.ie\\\/ga\\\/library\\\/education-children-care-ireland-exploratory-study\\\/#primaryimage\"},\"image\":{\"@id\":\"https:\\\/\\\/www.oco.ie\\\/ga\\\/library\\\/education-children-care-ireland-exploratory-study\\\/#primaryimage\"},\"thumbnailUrl\":\"https:\\\/\\\/www.oco.ie\\\/app\\\/uploads\\\/2017\\\/11\\\/education-of-children-in-care-in-ireland.png\",\"datePublished\":\"2013-05-20T12:22:59+00:00\",\"dateModified\":\"2018-01-09T12:17:29+00:00\",\"breadcrumb\":{\"@id\":\"https:\\\/\\\/www.oco.ie\\\/ga\\\/library\\\/education-children-care-ireland-exploratory-study\\\/#breadcrumb\"},\"inLanguage\":\"ga-IE\",\"potentialAction\":[{\"@type\":\"ReadAction\",\"target\":[\"https:\\\/\\\/www.oco.ie\\\/ga\\\/library\\\/education-children-care-ireland-exploratory-study\\\/\"]}]},{\"@type\":\"ImageObject\",\"inLanguage\":\"ga-IE\",\"@id\":\"https:\\\/\\\/www.oco.ie\\\/ga\\\/library\\\/education-children-care-ireland-exploratory-study\\\/#primaryimage\",\"url\":\"https:\\\/\\\/www.oco.ie\\\/app\\\/uploads\\\/2017\\\/11\\\/education-of-children-in-care-in-ireland.png\",\"contentUrl\":\"https:\\\/\\\/www.oco.ie\\\/app\\\/uploads\\\/2017\\\/11\\\/education-of-children-in-care-in-ireland.png\",\"width\":629,\"height\":891},{\"@type\":\"BreadcrumbList\",\"@id\":\"https:\\\/\\\/www.oco.ie\\\/ga\\\/library\\\/education-children-care-ireland-exploratory-study\\\/#breadcrumb\",\"itemListElement\":[{\"@type\":\"ListItem\",\"position\":1,\"name\":\"Baile\",\"item\":\"https:\\\/\\\/www.oco.ie\\\/ga\\\/\"},{\"@type\":\"ListItem\",\"position\":2,\"name\":\"Library\",\"item\":\"https:\\\/\\\/www.oco.ie\\\/ga\\\/library\\\/\"},{\"@type\":\"ListItem\",\"position\":3,\"name\":\"Education of children in care in Ireland: An exploratory study\"}]},{\"@type\":\"WebSite\",\"@id\":\"https:\\\/\\\/preprod.oco.ie\\\/#website\",\"url\":\"https:\\\/\\\/preprod.oco.ie\\\/\",\"name\":\"Ombudsman for Children\",\"description\":\"The OCO investigates complaints about services provided to children by public organisations. The service is free and independent.\",\"publisher\":{\"@id\":\"https:\\\/\\\/preprod.oco.ie\\\/#organization\"},\"potentialAction\":[{\"@type\":\"SearchAction\",\"target\":{\"@type\":\"EntryPoint\",\"urlTemplate\":\"https:\\\/\\\/preprod.oco.ie\\\/?s={search_term_string}\"},\"query-input\":{\"@type\":\"PropertyValueSpecification\",\"valueRequired\":true,\"valueName\":\"search_term_string\"}}],\"inLanguage\":\"ga-IE\"},{\"@type\":\"Organization\",\"@id\":\"https:\\\/\\\/preprod.oco.ie\\\/#organization\",\"name\":\"The Ombudsman for Children\u2019s Office\",\"url\":\"https:\\\/\\\/preprod.oco.ie\\\/\",\"logo\":{\"@type\":\"ImageObject\",\"inLanguage\":\"ga-IE\",\"@id\":\"https:\\\/\\\/preprod.oco.ie\\\/#\\\/schema\\\/logo\\\/image\\\/\",\"url\":\"https:\\\/\\\/www.oco.ie\\\/app\\\/uploads\\\/2018\\\/01\\\/oco.png\",\"contentUrl\":\"https:\\\/\\\/www.oco.ie\\\/app\\\/uploads\\\/2018\\\/01\\\/oco.png\",\"width\":228,\"height\":78,\"caption\":\"The Ombudsman for Children\u2019s Office\"},\"image\":{\"@id\":\"https:\\\/\\\/preprod.oco.ie\\\/#\\\/schema\\\/logo\\\/image\\\/\"},\"sameAs\":[\"https:\\\/\\\/www.facebook.com\\\/OCOIreland\\\/\",\"https:\\\/\\\/x.com\\\/OCO_ireland\",\"https:\\\/\\\/www.instagram.com\\\/ombudsmanforchildren\\\/\",\"https:\\\/\\\/www.youtube.com\\\/user\\\/OCOIreland\"]}]}<\/script>\n<!-- \/ Yoast SEO plugin. -->","yoast_head_json":{"title":"Education of children in care in Ireland: An exploratory study - Ombudsman for Children","robots":{"index":"index","follow":"follow","max-snippet":"max-snippet:-1","max-image-preview":"max-image-preview:large","max-video-preview":"max-video-preview:-1"},"canonical":"https:\/\/www.oco.ie\/ga\/library\/education-children-care-ireland-exploratory-study\/","og_locale":"ga_IE","og_type":"article","og_title":"Education of children in care in Ireland: An exploratory study - Ombudsman for Children","og_description":"In 2007, we published baseline research on the principal barriers facing children in Ireland in the achievement of their rights. Children in care were one of several groups of children identified as facing multiple obstacles to ...","og_url":"https:\/\/www.oco.ie\/ga\/library\/education-children-care-ireland-exploratory-study\/","og_site_name":"Ombudsman for Children","article_publisher":"https:\/\/www.facebook.com\/OCOIreland\/","article_modified_time":"2018-01-09T12:17:29+00:00","og_image":[{"width":629,"height":891,"url":"https:\/\/preprod.oco.ie\/app\/uploads\/2017\/11\/education-of-children-in-care-in-ireland.png","type":"image\/png"}],"twitter_card":"summary_large_image","twitter_site":"@OCO_ireland","twitter_misc":{"Est. reading time":"1 minute"},"schema":{"@context":"https:\/\/schema.org","@graph":[{"@type":"WebPage","@id":"https:\/\/www.oco.ie\/ga\/library\/education-children-care-ireland-exploratory-study\/","url":"https:\/\/www.oco.ie\/ga\/library\/education-children-care-ireland-exploratory-study\/","name":"Education of children in care in Ireland: An exploratory study - Ombudsman for Children","isPartOf":{"@id":"https:\/\/preprod.oco.ie\/#website"},"primaryImageOfPage":{"@id":"https:\/\/www.oco.ie\/ga\/library\/education-children-care-ireland-exploratory-study\/#primaryimage"},"image":{"@id":"https:\/\/www.oco.ie\/ga\/library\/education-children-care-ireland-exploratory-study\/#primaryimage"},"thumbnailUrl":"https:\/\/www.oco.ie\/app\/uploads\/2017\/11\/education-of-children-in-care-in-ireland.png","datePublished":"2013-05-20T12:22:59+00:00","dateModified":"2018-01-09T12:17:29+00:00","breadcrumb":{"@id":"https:\/\/www.oco.ie\/ga\/library\/education-children-care-ireland-exploratory-study\/#breadcrumb"},"inLanguage":"ga-IE","potentialAction":[{"@type":"ReadAction","target":["https:\/\/www.oco.ie\/ga\/library\/education-children-care-ireland-exploratory-study\/"]}]},{"@type":"ImageObject","inLanguage":"ga-IE","@id":"https:\/\/www.oco.ie\/ga\/library\/education-children-care-ireland-exploratory-study\/#primaryimage","url":"https:\/\/www.oco.ie\/app\/uploads\/2017\/11\/education-of-children-in-care-in-ireland.png","contentUrl":"https:\/\/www.oco.ie\/app\/uploads\/2017\/11\/education-of-children-in-care-in-ireland.png","width":629,"height":891},{"@type":"BreadcrumbList","@id":"https:\/\/www.oco.ie\/ga\/library\/education-children-care-ireland-exploratory-study\/#breadcrumb","itemListElement":[{"@type":"ListItem","position":1,"name":"Baile","item":"https:\/\/www.oco.ie\/ga\/"},{"@type":"ListItem","position":2,"name":"Library","item":"https:\/\/www.oco.ie\/ga\/library\/"},{"@type":"ListItem","position":3,"name":"Education of children in care in Ireland: An exploratory study"}]},{"@type":"WebSite","@id":"https:\/\/preprod.oco.ie\/#website","url":"https:\/\/preprod.oco.ie\/","name":"Ombudsman for Children","description":"The OCO investigates complaints about services provided to children by public organisations. The service is free and independent.","publisher":{"@id":"https:\/\/preprod.oco.ie\/#organization"},"potentialAction":[{"@type":"SearchAction","target":{"@type":"EntryPoint","urlTemplate":"https:\/\/preprod.oco.ie\/?s={search_term_string}"},"query-input":{"@type":"PropertyValueSpecification","valueRequired":true,"valueName":"search_term_string"}}],"inLanguage":"ga-IE"},{"@type":"Organization","@id":"https:\/\/preprod.oco.ie\/#organization","name":"The Ombudsman for Children\u2019s Office","url":"https:\/\/preprod.oco.ie\/","logo":{"@type":"ImageObject","inLanguage":"ga-IE","@id":"https:\/\/preprod.oco.ie\/#\/schema\/logo\/image\/","url":"https:\/\/www.oco.ie\/app\/uploads\/2018\/01\/oco.png","contentUrl":"https:\/\/www.oco.ie\/app\/uploads\/2018\/01\/oco.png","width":228,"height":78,"caption":"The Ombudsman for Children\u2019s Office"},"image":{"@id":"https:\/\/preprod.oco.ie\/#\/schema\/logo\/image\/"},"sameAs":["https:\/\/www.facebook.com\/OCOIreland\/","https:\/\/x.com\/OCO_ireland","https:\/\/www.instagram.com\/ombudsmanforchildren\/","https:\/\/www.youtube.com\/user\/OCOIreland"]}]}},"spectra_custom_meta":{"_edit_last":["1"],"_edit_lock":["1515502359:1"],"_thumbnail_id":["897"],"_doc_name":["Education of children in care in Ireland: An exploratory study"],"_doc_url":["https:\/\/www.oco.ie\/wp-content\/uploads\/2014\/03\/11873_Education_Care_SP1.pdf"],"documents":["1"],"_documents":["field_59fb03b22f9da"],"_secondary_title":[""],"_yoast_wpseo_primary_resource_type":["13"],"_yoast_wpseo_primary_resource_topic":["26"],"_yoast_wpseo_content_score":["30"],"documents_0_document_title":["Education of children in care in Ireland: An exploratory study"],"_documents_0_document_title":["field_59fb055b2f9db"],"documents_0_document":["2002"],"_documents_0_document":["field_59fb06252f9dc"],"documents_0_document_url":[""],"_documents_0_document_url":["field_59fb33d397757"],"documents_0_document_image":[""],"_documents_0_document_image":["field_59fb065a2f9dd"],"irishTitle":["Oideachas a chur ar leana\u00ed i gc\u00faram in \u00c9irinn: Staid\u00e9ar taisc\u00e9ala\u00edoch"],"irishContent":["In 2007, d\u2019fhoils\u00edomar taighde bonnl\u00edne ar na pr\u00edomhbhacainn\u00ed a bh\u00ed roimh leana\u00ed in \u00c9irinn i dtaobh a gcuid cearta a bhaint amach. Bh\u00ed leana\u00ed i gc\u00faram ar cheann de roinnt gr\u00fapa\u00ed leana\u00ed ar sainaithn\u00edodh go bhfuil roinnt bacainn\u00ed rompu chun taitneamh a bhaint as a gcuid ceart.\r\n\r\nNuair a thagann c\u00fains\u00ed agus eisp\u00e9iris leana\u00ed i gc\u00faram chun solais, d\u00edr\u00edtear go minic ar cheisteanna a bhaineann lena s\u00e1bh\u00e1ilteacht, cosaint agus leas. C\u00e9 go mbaineann r\u00edth\u00e1bhachtacht le hobair chun easnaimh a shainaithint, a thabhairt chun solais agus a chomhrac sa limist\u00e9ar seo, ba cheart d\u00fainn a bheith airdeallach gan dearmad a dh\u00e9anamh de n\u00e1 faill\u00ed a dh\u00e9anamh i limist\u00e9ir eile th\u00e1bhachtacha de shaol na leana\u00ed seo. Is \u00e9 a n-oideachas ceann de na limist\u00e9ir seo.\r\n\r\nChoimis\u00fana\u00edomar an Institi\u00faid Taighde Eacnama\u00edochta agus S\u00f3isialta agus an tIonad Taighde Leana\u00ed, Col\u00e1iste na Tr\u00edon\u00f3ide, chun tabhairt faoi thaighde chun an tuiscint at\u00e1 againn ar eisp\u00e9iris oideachais leana\u00ed a threisi\u00fa agus na beala\u00ed a shainaithint is fearr is f\u00e9idir le c\u00f3ras oideachais na h\u00c9ireann, i gcomhar le seirbh\u00eds\u00ed sl\u00e1inte agus s\u00f3isialta, tac\u00fa le freastal, rannph\u00e1irt\u00edocht agus gn\u00f3thacht\u00e1il san oideachas i measc leana\u00ed i gc\u00faram. Bh\u00ed tr\u00ed shn\u00e1ithe sa taighde: athbhreithni\u00fa litr\u00edochta, a rinne breithni\u00fa ar fhorbairt\u00ed ar bheartas agus cleachtas in \u00c9irinn agus i ndl\u00edns\u00ed eile; agallaimh le d\u00e9ant\u00f3ir\u00ed beartais, cleacht\u00f3ir\u00ed agus c\u00faram\u00f3ir\u00ed in \u00c9irinn; agus idirchaidreamh d\u00edreach le leana\u00ed i gc\u00faram agus f\u00e1g\u00f3ir\u00ed \u00f3ga c\u00faraim."],"irishSecondaryTitle":[""],"_sbi_oembed_done_checking":["1"],"_wpml_word_count":["237"]},"uagb_featured_image_src":{"full":["https:\/\/www.oco.ie\/app\/uploads\/2017\/11\/education-of-children-in-care-in-ireland.png",629,891,false],"thumbnail":["https:\/\/www.oco.ie\/app\/uploads\/2017\/11\/education-of-children-in-care-in-ireland-e1509625368153-150x150.png",150,150,true],"medium":["https:\/\/www.oco.ie\/app\/uploads\/2017\/11\/education-of-children-in-care-in-ireland-212x300.png",212,300,true],"medium_large":["https:\/\/www.oco.ie\/app\/uploads\/2017\/11\/education-of-children-in-care-in-ireland.png",629,891,false],"large":["https:\/\/www.oco.ie\/app\/uploads\/2017\/11\/education-of-children-in-care-in-ireland-600x850.png",600,850,true],"1536x1536":["https:\/\/www.oco.ie\/app\/uploads\/2017\/11\/education-of-children-in-care-in-ireland.png",629,891,false],"2048x2048":["https:\/\/www.oco.ie\/app\/uploads\/2017\/11\/education-of-children-in-care-in-ireland.png",629,891,false],"post-thumbnail":["https:\/\/www.oco.ie\/app\/uploads\/2017\/11\/education-of-children-in-care-in-ireland-150x150.png",150,150,true],"size_150x150":["https:\/\/www.oco.ie\/app\/uploads\/2017\/11\/education-of-children-in-care-in-ireland-150x150.png",150,150,true],"gform-image-choice-sm":["https:\/\/www.oco.ie\/app\/uploads\/2017\/11\/education-of-children-in-care-in-ireland.png",212,300,false],"gform-image-choice-md":["https:\/\/www.oco.ie\/app\/uploads\/2017\/11\/education-of-children-in-care-in-ireland.png",282,400,false],"gform-image-choice-lg":["https:\/\/www.oco.ie\/app\/uploads\/2017\/11\/education-of-children-in-care-in-ireland.png",424,600,false]},"uagb_author_info":{"display_name":"fusio","author_link":"https:\/\/www.oco.ie\/ga\/news\/author\/fusio\/"},"uagb_comment_info":0,"uagb_excerpt":"In 2007, we published baseline research on the principal barriers facing children in Ireland in the achievement of their rights. Children in care were one of several groups of children identified as facing multiple obstacles to ...","_links":{"self":[{"href":"https:\/\/www.oco.ie\/ga\/wp-json\/wp\/v2\/library\/896","targetHints":{"allow":["GET"]}}],"collection":[{"href":"https:\/\/www.oco.ie\/ga\/wp-json\/wp\/v2\/library"}],"about":[{"href":"https:\/\/www.oco.ie\/ga\/wp-json\/wp\/v2\/types\/library"}],"author":[{"embeddable":true,"href":"https:\/\/www.oco.ie\/ga\/wp-json\/wp\/v2\/users\/1"}],"wp:featuredmedia":[{"embeddable":true,"href":"https:\/\/www.oco.ie\/ga\/wp-json\/wp\/v2\/media\/897"}],"wp:attachment":[{"href":"https:\/\/www.oco.ie\/ga\/wp-json\/wp\/v2\/media?parent=896"}],"curies":[{"name":"wp","href":"https:\/\/api.w.org\/{rel}","templated":true}]}}