{"id":548,"date":"2013-03-22T10:37:14","date_gmt":"2013-03-22T10:37:14","guid":{"rendered":"https:\/\/www.oco.ie\/?post_type=library&#038;p=548"},"modified":"2018-01-09T12:24:54","modified_gmt":"2018-01-09T12:24:54","slug":"inclusion-child-disabilities-attending-mainstream-pre-school-early-childhood-care-education-scheme","status":"publish","type":"library","link":"https:\/\/www.oco.ie\/ga\/library\/inclusion-child-disabilities-attending-mainstream-pre-school-early-childhood-care-education-scheme\/","title":{"rendered":"The inclusion of a child with disabilities attending a mainstream pre-school under the Early Childhood Care and Education Scheme"},"content":{"rendered":"<p>Between May 2011 and September 2012, we carried out an investigation based on a complaint submitted by a mother on behalf of her four-and-a-half-year-old daughter. The child was profoundly deaf as a result of early congenital infection with cytomegalo virus (CMV). In addition to referring to the challenges arising out her deafness, the complaint detailed elements of the developmental delay experienced by the child who was without speech, had impaired fine motor and gross motor skills and experienced concentration and behavioural difficulties. It was stated that her communication consisted of physically showing her carer what she wanted and it was specified that she was not yet potty trained.<\/p>\n<p>The complaint outlined that while the child was funded to attend pre-school for 3 hours per day, 5 days per week under the ECCE scheme; she was receiving only 6 hours of special needs assistance per week from the Health Services Executive (HSE). The complaint advised that the child was unable to cope at pre-school without support due to her complex special<\/p>\n<p>needs. It was stated that due to the short fall in the level of support allocated, she was only able to attend pre-school for 2 days per week instead of 5 days per week for which she was funded. The complaint asserted that provision of support was necessary in order for the child to avail of pre-school services available under ECCE and to allow her to achieve her developmental milestones.<\/p>\n<p>Having concluded a preliminary examination of the complaint, the OCO determined that the actions of the HSE, the OMCYA, the DCYA and the ODMH fell within the parameters for investigation. And on this basis, in May 2011, it was decided to conduct investigations into the actions of these public bodies.<\/p>\n","protected":false},"author":1,"featured_media":566,"template":"","class_list":["post-548","library","type-library","status-publish","has-post-thumbnail","hentry","resource_type-investigation","resource_topic-disability","resource_topic-education"],"acf":[],"yoast_head":"<!-- This site is optimized with the Yoast SEO plugin v28.3 - https:\/\/yoast.com\/product\/yoast-seo-wordpress\/ -->\n<title>The inclusion of a child with disabilities attending a mainstream pre-school under the Early Childhood Care and Education Scheme - Ombudsman for Children<\/title>\n<meta name=\"robots\" content=\"index, follow, max-snippet:-1, max-image-preview:large, max-video-preview:-1\" \/>\n<link rel=\"canonical\" href=\"https:\/\/www.oco.ie\/ga\/library\/inclusion-child-disabilities-attending-mainstream-pre-school-early-childhood-care-education-scheme\/\" \/>\n<meta property=\"og:locale\" content=\"ga_IE\" \/>\n<meta property=\"og:type\" content=\"article\" \/>\n<meta property=\"og:title\" content=\"The inclusion of a child with disabilities attending a mainstream pre-school under the Early Childhood Care and Education Scheme - Ombudsman for Children\" \/>\n<meta property=\"og:description\" content=\"Between May 2011 and September 2012, we carried out an investigation based on a complaint submitted by a mother on behalf of her four-and-a-half-year-old daughter. The child was profoundly deaf as a result of early congenital ...\" \/>\n<meta property=\"og:url\" content=\"https:\/\/www.oco.ie\/ga\/library\/inclusion-child-disabilities-attending-mainstream-pre-school-early-childhood-care-education-scheme\/\" \/>\n<meta property=\"og:site_name\" content=\"Ombudsman for Children\" \/>\n<meta property=\"article:publisher\" content=\"https:\/\/www.facebook.com\/OCOIreland\/\" \/>\n<meta property=\"article:modified_time\" content=\"2018-01-09T12:24:54+00:00\" \/>\n<meta property=\"og:image\" content=\"https:\/\/preprod.oco.ie\/app\/uploads\/2013\/03\/The-inclusion-of-a-child-with-disabilities-attending-a-mainstream-pre-school-under-the-Early-Childhood-Care-and-Education-Scheme.png\" \/>\n\t<meta property=\"og:image:width\" content=\"648\" \/>\n\t<meta property=\"og:image:height\" content=\"842\" \/>\n\t<meta property=\"og:image:type\" content=\"image\/png\" \/>\n<meta name=\"twitter:card\" content=\"summary_large_image\" \/>\n<meta name=\"twitter:site\" content=\"@OCO_ireland\" \/>\n<meta name=\"twitter:label1\" content=\"Est. reading time\" \/>\n\t<meta name=\"twitter:data1\" content=\"1 minute\" \/>\n<script type=\"application\/ld+json\" class=\"yoast-schema-graph\">{\"@context\":\"https:\\\/\\\/schema.org\",\"@graph\":[{\"@type\":\"WebPage\",\"@id\":\"https:\\\/\\\/www.oco.ie\\\/ga\\\/library\\\/inclusion-child-disabilities-attending-mainstream-pre-school-early-childhood-care-education-scheme\\\/\",\"url\":\"https:\\\/\\\/www.oco.ie\\\/ga\\\/library\\\/inclusion-child-disabilities-attending-mainstream-pre-school-early-childhood-care-education-scheme\\\/\",\"name\":\"The inclusion of a child with disabilities attending a mainstream pre-school under the Early Childhood Care and Education Scheme - Ombudsman for Children\",\"isPartOf\":{\"@id\":\"https:\\\/\\\/preprod.oco.ie\\\/#website\"},\"primaryImageOfPage\":{\"@id\":\"https:\\\/\\\/www.oco.ie\\\/ga\\\/library\\\/inclusion-child-disabilities-attending-mainstream-pre-school-early-childhood-care-education-scheme\\\/#primaryimage\"},\"image\":{\"@id\":\"https:\\\/\\\/www.oco.ie\\\/ga\\\/library\\\/inclusion-child-disabilities-attending-mainstream-pre-school-early-childhood-care-education-scheme\\\/#primaryimage\"},\"thumbnailUrl\":\"https:\\\/\\\/www.oco.ie\\\/app\\\/uploads\\\/2013\\\/03\\\/The-inclusion-of-a-child-with-disabilities-attending-a-mainstream-pre-school-under-the-Early-Childhood-Care-and-Education-Scheme.png\",\"datePublished\":\"2013-03-22T10:37:14+00:00\",\"dateModified\":\"2018-01-09T12:24:54+00:00\",\"breadcrumb\":{\"@id\":\"https:\\\/\\\/www.oco.ie\\\/ga\\\/library\\\/inclusion-child-disabilities-attending-mainstream-pre-school-early-childhood-care-education-scheme\\\/#breadcrumb\"},\"inLanguage\":\"ga-IE\",\"potentialAction\":[{\"@type\":\"ReadAction\",\"target\":[\"https:\\\/\\\/www.oco.ie\\\/ga\\\/library\\\/inclusion-child-disabilities-attending-mainstream-pre-school-early-childhood-care-education-scheme\\\/\"]}]},{\"@type\":\"ImageObject\",\"inLanguage\":\"ga-IE\",\"@id\":\"https:\\\/\\\/www.oco.ie\\\/ga\\\/library\\\/inclusion-child-disabilities-attending-mainstream-pre-school-early-childhood-care-education-scheme\\\/#primaryimage\",\"url\":\"https:\\\/\\\/www.oco.ie\\\/app\\\/uploads\\\/2013\\\/03\\\/The-inclusion-of-a-child-with-disabilities-attending-a-mainstream-pre-school-under-the-Early-Childhood-Care-and-Education-Scheme.png\",\"contentUrl\":\"https:\\\/\\\/www.oco.ie\\\/app\\\/uploads\\\/2013\\\/03\\\/The-inclusion-of-a-child-with-disabilities-attending-a-mainstream-pre-school-under-the-Early-Childhood-Care-and-Education-Scheme.png\",\"width\":648,\"height\":842},{\"@type\":\"BreadcrumbList\",\"@id\":\"https:\\\/\\\/www.oco.ie\\\/ga\\\/library\\\/inclusion-child-disabilities-attending-mainstream-pre-school-early-childhood-care-education-scheme\\\/#breadcrumb\",\"itemListElement\":[{\"@type\":\"ListItem\",\"position\":1,\"name\":\"Baile\",\"item\":\"https:\\\/\\\/www.oco.ie\\\/ga\\\/\"},{\"@type\":\"ListItem\",\"position\":2,\"name\":\"Library\",\"item\":\"https:\\\/\\\/www.oco.ie\\\/ga\\\/library\\\/\"},{\"@type\":\"ListItem\",\"position\":3,\"name\":\"The inclusion of a child with disabilities attending a mainstream pre-school under the Early Childhood Care and Education Scheme\"}]},{\"@type\":\"WebSite\",\"@id\":\"https:\\\/\\\/preprod.oco.ie\\\/#website\",\"url\":\"https:\\\/\\\/preprod.oco.ie\\\/\",\"name\":\"Ombudsman for Children\",\"description\":\"The OCO investigates complaints about services provided to children by public organisations. The service is free and independent.\",\"publisher\":{\"@id\":\"https:\\\/\\\/preprod.oco.ie\\\/#organization\"},\"potentialAction\":[{\"@type\":\"SearchAction\",\"target\":{\"@type\":\"EntryPoint\",\"urlTemplate\":\"https:\\\/\\\/preprod.oco.ie\\\/?s={search_term_string}\"},\"query-input\":{\"@type\":\"PropertyValueSpecification\",\"valueRequired\":true,\"valueName\":\"search_term_string\"}}],\"inLanguage\":\"ga-IE\"},{\"@type\":\"Organization\",\"@id\":\"https:\\\/\\\/preprod.oco.ie\\\/#organization\",\"name\":\"The Ombudsman for Children\u2019s Office\",\"url\":\"https:\\\/\\\/preprod.oco.ie\\\/\",\"logo\":{\"@type\":\"ImageObject\",\"inLanguage\":\"ga-IE\",\"@id\":\"https:\\\/\\\/preprod.oco.ie\\\/#\\\/schema\\\/logo\\\/image\\\/\",\"url\":\"https:\\\/\\\/www.oco.ie\\\/app\\\/uploads\\\/2018\\\/01\\\/oco.png\",\"contentUrl\":\"https:\\\/\\\/www.oco.ie\\\/app\\\/uploads\\\/2018\\\/01\\\/oco.png\",\"width\":228,\"height\":78,\"caption\":\"The Ombudsman for Children\u2019s Office\"},\"image\":{\"@id\":\"https:\\\/\\\/preprod.oco.ie\\\/#\\\/schema\\\/logo\\\/image\\\/\"},\"sameAs\":[\"https:\\\/\\\/www.facebook.com\\\/OCOIreland\\\/\",\"https:\\\/\\\/x.com\\\/OCO_ireland\",\"https:\\\/\\\/www.instagram.com\\\/ombudsmanforchildren\\\/\",\"https:\\\/\\\/www.youtube.com\\\/user\\\/OCOIreland\"]}]}<\/script>\n<!-- \/ Yoast SEO plugin. -->","yoast_head_json":{"title":"The inclusion of a child with disabilities attending a mainstream pre-school under the Early Childhood Care and Education Scheme - Ombudsman for Children","robots":{"index":"index","follow":"follow","max-snippet":"max-snippet:-1","max-image-preview":"max-image-preview:large","max-video-preview":"max-video-preview:-1"},"canonical":"https:\/\/www.oco.ie\/ga\/library\/inclusion-child-disabilities-attending-mainstream-pre-school-early-childhood-care-education-scheme\/","og_locale":"ga_IE","og_type":"article","og_title":"The inclusion of a child with disabilities attending a mainstream pre-school under the Early Childhood Care and Education Scheme - Ombudsman for Children","og_description":"Between May 2011 and September 2012, we carried out an investigation based on a complaint submitted by a mother on behalf of her four-and-a-half-year-old daughter. The child was profoundly deaf as a result of early congenital ...","og_url":"https:\/\/www.oco.ie\/ga\/library\/inclusion-child-disabilities-attending-mainstream-pre-school-early-childhood-care-education-scheme\/","og_site_name":"Ombudsman for Children","article_publisher":"https:\/\/www.facebook.com\/OCOIreland\/","article_modified_time":"2018-01-09T12:24:54+00:00","og_image":[{"width":648,"height":842,"url":"https:\/\/preprod.oco.ie\/app\/uploads\/2013\/03\/The-inclusion-of-a-child-with-disabilities-attending-a-mainstream-pre-school-under-the-Early-Childhood-Care-and-Education-Scheme.png","type":"image\/png"}],"twitter_card":"summary_large_image","twitter_site":"@OCO_ireland","twitter_misc":{"Est. reading time":"1 minute"},"schema":{"@context":"https:\/\/schema.org","@graph":[{"@type":"WebPage","@id":"https:\/\/www.oco.ie\/ga\/library\/inclusion-child-disabilities-attending-mainstream-pre-school-early-childhood-care-education-scheme\/","url":"https:\/\/www.oco.ie\/ga\/library\/inclusion-child-disabilities-attending-mainstream-pre-school-early-childhood-care-education-scheme\/","name":"The inclusion of a child with disabilities attending a mainstream pre-school under the Early Childhood Care and Education Scheme - Ombudsman for Children","isPartOf":{"@id":"https:\/\/preprod.oco.ie\/#website"},"primaryImageOfPage":{"@id":"https:\/\/www.oco.ie\/ga\/library\/inclusion-child-disabilities-attending-mainstream-pre-school-early-childhood-care-education-scheme\/#primaryimage"},"image":{"@id":"https:\/\/www.oco.ie\/ga\/library\/inclusion-child-disabilities-attending-mainstream-pre-school-early-childhood-care-education-scheme\/#primaryimage"},"thumbnailUrl":"https:\/\/www.oco.ie\/app\/uploads\/2013\/03\/The-inclusion-of-a-child-with-disabilities-attending-a-mainstream-pre-school-under-the-Early-Childhood-Care-and-Education-Scheme.png","datePublished":"2013-03-22T10:37:14+00:00","dateModified":"2018-01-09T12:24:54+00:00","breadcrumb":{"@id":"https:\/\/www.oco.ie\/ga\/library\/inclusion-child-disabilities-attending-mainstream-pre-school-early-childhood-care-education-scheme\/#breadcrumb"},"inLanguage":"ga-IE","potentialAction":[{"@type":"ReadAction","target":["https:\/\/www.oco.ie\/ga\/library\/inclusion-child-disabilities-attending-mainstream-pre-school-early-childhood-care-education-scheme\/"]}]},{"@type":"ImageObject","inLanguage":"ga-IE","@id":"https:\/\/www.oco.ie\/ga\/library\/inclusion-child-disabilities-attending-mainstream-pre-school-early-childhood-care-education-scheme\/#primaryimage","url":"https:\/\/www.oco.ie\/app\/uploads\/2013\/03\/The-inclusion-of-a-child-with-disabilities-attending-a-mainstream-pre-school-under-the-Early-Childhood-Care-and-Education-Scheme.png","contentUrl":"https:\/\/www.oco.ie\/app\/uploads\/2013\/03\/The-inclusion-of-a-child-with-disabilities-attending-a-mainstream-pre-school-under-the-Early-Childhood-Care-and-Education-Scheme.png","width":648,"height":842},{"@type":"BreadcrumbList","@id":"https:\/\/www.oco.ie\/ga\/library\/inclusion-child-disabilities-attending-mainstream-pre-school-early-childhood-care-education-scheme\/#breadcrumb","itemListElement":[{"@type":"ListItem","position":1,"name":"Baile","item":"https:\/\/www.oco.ie\/ga\/"},{"@type":"ListItem","position":2,"name":"Library","item":"https:\/\/www.oco.ie\/ga\/library\/"},{"@type":"ListItem","position":3,"name":"The inclusion of a child with disabilities attending a mainstream pre-school under the Early Childhood Care and Education Scheme"}]},{"@type":"WebSite","@id":"https:\/\/preprod.oco.ie\/#website","url":"https:\/\/preprod.oco.ie\/","name":"Ombudsman for Children","description":"The OCO investigates complaints about services provided to children by public organisations. The service is free and independent.","publisher":{"@id":"https:\/\/preprod.oco.ie\/#organization"},"potentialAction":[{"@type":"SearchAction","target":{"@type":"EntryPoint","urlTemplate":"https:\/\/preprod.oco.ie\/?s={search_term_string}"},"query-input":{"@type":"PropertyValueSpecification","valueRequired":true,"valueName":"search_term_string"}}],"inLanguage":"ga-IE"},{"@type":"Organization","@id":"https:\/\/preprod.oco.ie\/#organization","name":"The Ombudsman for Children\u2019s Office","url":"https:\/\/preprod.oco.ie\/","logo":{"@type":"ImageObject","inLanguage":"ga-IE","@id":"https:\/\/preprod.oco.ie\/#\/schema\/logo\/image\/","url":"https:\/\/www.oco.ie\/app\/uploads\/2018\/01\/oco.png","contentUrl":"https:\/\/www.oco.ie\/app\/uploads\/2018\/01\/oco.png","width":228,"height":78,"caption":"The Ombudsman for Children\u2019s Office"},"image":{"@id":"https:\/\/preprod.oco.ie\/#\/schema\/logo\/image\/"},"sameAs":["https:\/\/www.facebook.com\/OCOIreland\/","https:\/\/x.com\/OCO_ireland","https:\/\/www.instagram.com\/ombudsmanforchildren\/","https:\/\/www.youtube.com\/user\/OCOIreland"]}]}},"spectra_custom_meta":{"_edit_last":["1"],"_edit_lock":["1515502365:1"],"_doc_name":["The inclusion of a child with disabilities attending a mainstream pre-school under the Early Childhood Care and Education Scheme"],"_doc_url":["https:\/\/www.oco.ie\/wp-content\/uploads\/2014\/03\/OCOECCEInvestigation2013.pdf "],"_secondary_title":[""],"_yoast_wpseo_primary_resource_type":["14"],"_yoast_wpseo_primary_resource_topic":["18"],"_yoast_wpseo_content_score":["30"],"_thumbnail_id":["566"],"documents_0_document_title":["The inclusion of a child with disabilities attending a mainstream pre-school under the Early Childhood Care and Education Scheme"],"_documents_0_document_title":["field_59fb055b2f9db"],"documents_0_document":["2011"],"_documents_0_document":["field_59fb06252f9dc"],"documents_0_document_url":[""],"_documents_0_document_url":["field_59fb33d397757"],"documents_0_document_image":[""],"_documents_0_document_image":["field_59fb065a2f9dd"],"documents":["1"],"_documents":["field_59fb03b22f9da"],"irishTitle":["Leanbh faoi m\u00edchumas a chuimsi\u00fa at\u00e1 ag freastal ar r\u00e9amhscoil phr\u00edomhshrutha faoi Sc\u00e9im C\u00faraim agus Oideachais na Luath-\u00d3ige"],"irishContent":["Idir Bealtaine 2011 agus Me\u00e1n F\u00f3mhair 2012, thugamar faoi imscr\u00fad\u00fa bunaithe ar ghear\u00e1n a rinne m\u00e1thair thar ceann a hin\u00edne ceithre go leith bliain d\u2019aois. Bh\u00ed an leanbh an-bhodhar mar thoradh ar ionfhabht\u00fa luath \u00f3 bhroinn ag v\u00edreas cytomegalo (CMV). Anuas ar thagairt a dh\u00e9anamh do na d\u00fashl\u00e1in a eascra\u00edonn as a bodhaire, sonra\u00edodh sa ghear\u00e1n gn\u00e9ithe den mhoill forbartha a raibh an leanbh th\u00edos l\u00e9i a bh\u00ed gan urlabhra, a raibh scileanna lagaithe m\u00ednluaile agus oll-luaile aici agus a raibh deacrachta\u00ed d\u00edrithe agus iompra\u00edochta aici. Luadh gurbh \u00e9ard a bh\u00ed i gceist lena cumars\u00e1id a thaispe\u00e1int go fisici\u00fail d\u00e1 c\u00faram\u00f3ir an m\u00e9id a theastaigh uaithi agus sonra\u00edodh nach raibh s\u00ed curtha ar an bpota go f\u00f3ill.\r\n\r\nMh\u00edn\u00edodh sa ghear\u00e1n, c\u00e9 go raibh an leanbh cistithe chun freastal ar r\u00e9amhscoil ar feadh 3 huaire an chloig sa l\u00e1, 5 l\u00e1 sa tseachtain faoi sc\u00e9im COL\u00d3; n\u00ed raibh 6 huaire an chloig de ch\u00fanamh riachtanas speisialta \u00e1 fh\u00e1il aici sa tseachtain \u00f3 Fheidhmeannacht na Seirbh\u00edse Sl\u00e1inte (FSS). Tugadh le fios sa ghear\u00e1n go raibh an r\u00e9amhscoil ag dul sa mhuileann uirthi mura dtac\u00f3fa\u00ed l\u00e9i mar gheall ar a riachtanais chasta speisialta. Luadh, mar gheall ar an easnamh ar an leibh\u00e9al taca\u00edochta a leithdh\u00e1ileadh, n\u00ed raibh ar chumas aici ach freastal ar an r\u00e9amhscoil ar feadh 2 l\u00e1 sa tseachtain, seachas 5 l\u00e1 sa tseachtain, faoi mar a bh\u00ed \u00e1 chisti\u00fa. Dearbha\u00edodh sa ghear\u00e1n gur theastaigh an sol\u00e1thar taca\u00edochta d\u2019fhonn na seirbh\u00eds\u00ed r\u00e9amhscoile a chur ar f\u00e1il don leanbh at\u00e1 ar f\u00e1il faoi COL\u00d3 agus lena cur ar a cumas a garspriocanna forbartha a bhaint amach.\r\n\r\nI ndiaidh tabhairt faoi r\u00e9amhscr\u00fad\u00fa ar an ngear\u00e1n, dheimhnigh an OOL gur th\u00e1inig gn\u00edomhartha FSS, an OMCYA, an RLG\u00d3 agus an ODMH faoi chuimsi\u00fa na bparaim\u00e9adar le haghaidh imscr\u00fad\u00fa. Agus ar an mbonn seo, i mBealtaine 2011, rinneadh an cinneadh chun tabhairt faoi imscr\u00faduithe ar ghn\u00edomhartha na gcomhlachta\u00ed poibl\u00ed seo."],"irishSecondaryTitle":[""],"_sbi_oembed_done_checking":["1"],"_wpml_word_count":["311"],"_uag_page_assets":["a:9:{s:3:\"css\";s:0:\"\";s:2:\"js\";s:0:\"\";s:18:\"current_block_list\";a:0:{}s:8:\"uag_flag\";b:0;s:11:\"uag_version\";s:10:\"1788167042\";s:6:\"gfonts\";a:0:{}s:10:\"gfonts_url\";s:0:\"\";s:12:\"gfonts_files\";a:0:{}s:14:\"uag_faq_layout\";b:0;}"]},"uagb_featured_image_src":{"full":["https:\/\/www.oco.ie\/app\/uploads\/2013\/03\/The-inclusion-of-a-child-with-disabilities-attending-a-mainstream-pre-school-under-the-Early-Childhood-Care-and-Education-Scheme.png",648,842,false],"thumbnail":["https:\/\/www.oco.ie\/app\/uploads\/2013\/03\/The-inclusion-of-a-child-with-disabilities-attending-a-mainstream-pre-school-under-the-Early-Childhood-Care-and-Education-Scheme-e1507557802965-150x150.png",150,150,true],"medium":["https:\/\/www.oco.ie\/app\/uploads\/2013\/03\/The-inclusion-of-a-child-with-disabilities-attending-a-mainstream-pre-school-under-the-Early-Childhood-Care-and-Education-Scheme-231x300.png",231,300,true],"medium_large":["https:\/\/www.oco.ie\/app\/uploads\/2013\/03\/The-inclusion-of-a-child-with-disabilities-attending-a-mainstream-pre-school-under-the-Early-Childhood-Care-and-Education-Scheme.png",648,842,false],"large":["https:\/\/www.oco.ie\/app\/uploads\/2013\/03\/The-inclusion-of-a-child-with-disabilities-attending-a-mainstream-pre-school-under-the-Early-Childhood-Care-and-Education-Scheme.png",648,842,false],"1536x1536":["https:\/\/www.oco.ie\/app\/uploads\/2013\/03\/The-inclusion-of-a-child-with-disabilities-attending-a-mainstream-pre-school-under-the-Early-Childhood-Care-and-Education-Scheme.png",648,842,false],"2048x2048":["https:\/\/www.oco.ie\/app\/uploads\/2013\/03\/The-inclusion-of-a-child-with-disabilities-attending-a-mainstream-pre-school-under-the-Early-Childhood-Care-and-Education-Scheme.png",648,842,false],"post-thumbnail":["https:\/\/www.oco.ie\/app\/uploads\/2013\/03\/The-inclusion-of-a-child-with-disabilities-attending-a-mainstream-pre-school-under-the-Early-Childhood-Care-and-Education-Scheme-150x150.png",150,150,true],"size_150x150":["https:\/\/www.oco.ie\/app\/uploads\/2013\/03\/The-inclusion-of-a-child-with-disabilities-attending-a-mainstream-pre-school-under-the-Early-Childhood-Care-and-Education-Scheme-150x150.png",150,150,true],"gform-image-choice-sm":["https:\/\/www.oco.ie\/app\/uploads\/2013\/03\/The-inclusion-of-a-child-with-disabilities-attending-a-mainstream-pre-school-under-the-Early-Childhood-Care-and-Education-Scheme.png",231,300,false],"gform-image-choice-md":["https:\/\/www.oco.ie\/app\/uploads\/2013\/03\/The-inclusion-of-a-child-with-disabilities-attending-a-mainstream-pre-school-under-the-Early-Childhood-Care-and-Education-Scheme.png",308,400,false],"gform-image-choice-lg":["https:\/\/www.oco.ie\/app\/uploads\/2013\/03\/The-inclusion-of-a-child-with-disabilities-attending-a-mainstream-pre-school-under-the-Early-Childhood-Care-and-Education-Scheme.png",462,600,false]},"uagb_author_info":{"display_name":"fusio","author_link":"https:\/\/www.oco.ie\/ga\/news\/author\/fusio\/"},"uagb_comment_info":0,"uagb_excerpt":"Between May 2011 and September 2012, we carried out an investigation based on a complaint submitted by a mother on behalf of her four-and-a-half-year-old daughter. The child was profoundly deaf as a result of early congenital ...","_links":{"self":[{"href":"https:\/\/www.oco.ie\/ga\/wp-json\/wp\/v2\/library\/548","targetHints":{"allow":["GET"]}}],"collection":[{"href":"https:\/\/www.oco.ie\/ga\/wp-json\/wp\/v2\/library"}],"about":[{"href":"https:\/\/www.oco.ie\/ga\/wp-json\/wp\/v2\/types\/library"}],"author":[{"embeddable":true,"href":"https:\/\/www.oco.ie\/ga\/wp-json\/wp\/v2\/users\/1"}],"wp:featuredmedia":[{"embeddable":true,"href":"https:\/\/www.oco.ie\/ga\/wp-json\/wp\/v2\/media\/566"}],"wp:attachment":[{"href":"https:\/\/www.oco.ie\/ga\/wp-json\/wp\/v2\/media?parent=548"}],"curies":[{"name":"wp","href":"https:\/\/api.w.org\/{rel}","templated":true}]}}