{"id":542,"date":"2013-07-12T10:29:45","date_gmt":"2013-07-12T10:29:45","guid":{"rendered":"https:\/\/www.oco.ie\/?post_type=library&#038;p=542"},"modified":"2018-01-09T11:58:53","modified_gmt":"2018-01-09T11:58:53","slug":"statement-based-investigation-provision-department-education-skills-hse-child-care","status":"publish","type":"library","link":"https:\/\/www.oco.ie\/ga\/library\/statement-based-investigation-provision-department-education-skills-hse-child-care\/","title":{"rendered":"A statement based on an investigation into provision by the Department of Education and Skills and the HSE for a child in care"},"content":{"rendered":"<p>In September 2010 this Office received a complaint from a Guardian<\/p>\n<p>ad litem (GAL) acting on behalf of a separated child, then aged 13 years, who was in the care of the HSE. This complaint was made through and supported by the GAL\u2019s solicitor. The role of a GAL is to ascertain the child\u2019s wishes and feelings about their care, to formulate an opinion on what is in the child\u2019s best interests and to report both of these to the courts. GALs can only be appointed to children in care by the courts.<\/p>\n<p>The GAL informed the Office that the child was permanently excluded from his school in May 2008 due to behavioural issues. The GAL\u2019s legal representative further advised that these behavioural issues needed to be viewed in the context of recent separation from his mother and siblings, a violent family death and inadequate care from his\u00a0father. Between June and October 2009 the child was in a non-EU state with his father, but returned as a separated child in October 2009. He was subsequently placed in foster care by the HSE.<\/p>\n<p>Having been permanently excluded from his school in May 2008, the child did not return to full &#8211; time education until March 2010 as no school placement could be found for him, despite applications being made to in excess of 26 schools by the HSE with the assistance of the GAL and the National Education Welfare Board (NEWB). An application for Home Tuition was made on his behalf by the NEWB and Home Tuition of nine hours per week was provided by the Department of Education and Skills (hereafter the Department) for the majority of the period during which the child was out of school.<\/p>\n<p>The GAL and solicitor contend that despite the involvement of the NEWB and the HSE the child remained outside mainstream school for almost two years. This, they contend, is the result of a lack of management of the child\u2019s education by the Department. They contend that a school placement is the child\u2019s right and that policy and procedures should be put in place to ensure that children are not left without this provision.<\/p>\n","protected":false},"author":1,"featured_media":577,"template":"","class_list":["post-542","library","type-library","status-publish","has-post-thumbnail","hentry","resource_type-investigation","resource_topic-children-in-care","resource_topic-education"],"acf":[],"yoast_head":"<!-- This site is optimized with the Yoast SEO plugin v28.3 - https:\/\/yoast.com\/product\/yoast-seo-wordpress\/ -->\n<title>A statement based on an investigation into provision by the Department of Education and Skills and the HSE for a child in care - Ombudsman for Children<\/title>\n<meta name=\"robots\" content=\"index, follow, max-snippet:-1, max-image-preview:large, max-video-preview:-1\" \/>\n<link rel=\"canonical\" href=\"https:\/\/www.oco.ie\/ga\/library\/statement-based-investigation-provision-department-education-skills-hse-child-care\/\" \/>\n<meta property=\"og:locale\" content=\"ga_IE\" \/>\n<meta property=\"og:type\" content=\"article\" \/>\n<meta property=\"og:title\" content=\"A statement based on an investigation into provision by the Department of Education and Skills and the HSE for a child in care - Ombudsman for Children\" \/>\n<meta property=\"og:description\" content=\"In September 2010 this Office received a complaint from a Guardian ad litem (GAL) acting on behalf of a separated child, then aged 13 years, who was in the care of the HSE. This complaint was ...\" \/>\n<meta property=\"og:url\" content=\"https:\/\/www.oco.ie\/ga\/library\/statement-based-investigation-provision-department-education-skills-hse-child-care\/\" \/>\n<meta property=\"og:site_name\" content=\"Ombudsman for Children\" \/>\n<meta property=\"article:publisher\" content=\"https:\/\/www.facebook.com\/OCOIreland\/\" \/>\n<meta property=\"article:modified_time\" content=\"2018-01-09T11:58:53+00:00\" \/>\n<meta property=\"og:image\" content=\"https:\/\/preprod.oco.ie\/app\/uploads\/2013\/07\/A-statement-based-on-an-investigation-into-provision-by-the-Department-of-Education-and-Skills-and-the-HSE-for-a-child-in-care-1.png\" \/>\n\t<meta property=\"og:image:width\" content=\"651\" \/>\n\t<meta property=\"og:image:height\" content=\"842\" \/>\n\t<meta property=\"og:image:type\" content=\"image\/png\" \/>\n<meta name=\"twitter:card\" content=\"summary_large_image\" \/>\n<meta name=\"twitter:site\" content=\"@OCO_ireland\" \/>\n<meta name=\"twitter:label1\" content=\"Est. reading time\" \/>\n\t<meta name=\"twitter:data1\" content=\"2 minutes\" \/>\n<script type=\"application\/ld+json\" class=\"yoast-schema-graph\">{\"@context\":\"https:\\\/\\\/schema.org\",\"@graph\":[{\"@type\":\"WebPage\",\"@id\":\"https:\\\/\\\/www.oco.ie\\\/ga\\\/library\\\/statement-based-investigation-provision-department-education-skills-hse-child-care\\\/\",\"url\":\"https:\\\/\\\/www.oco.ie\\\/ga\\\/library\\\/statement-based-investigation-provision-department-education-skills-hse-child-care\\\/\",\"name\":\"A statement based on an investigation into provision by the Department of Education and Skills and the HSE for a child in care - Ombudsman for Children\",\"isPartOf\":{\"@id\":\"https:\\\/\\\/preprod.oco.ie\\\/#website\"},\"primaryImageOfPage\":{\"@id\":\"https:\\\/\\\/www.oco.ie\\\/ga\\\/library\\\/statement-based-investigation-provision-department-education-skills-hse-child-care\\\/#primaryimage\"},\"image\":{\"@id\":\"https:\\\/\\\/www.oco.ie\\\/ga\\\/library\\\/statement-based-investigation-provision-department-education-skills-hse-child-care\\\/#primaryimage\"},\"thumbnailUrl\":\"https:\\\/\\\/www.oco.ie\\\/app\\\/uploads\\\/2013\\\/07\\\/A-statement-based-on-an-investigation-into-provision-by-the-Department-of-Education-and-Skills-and-the-HSE-for-a-child-in-care-1.png\",\"datePublished\":\"2013-07-12T10:29:45+00:00\",\"dateModified\":\"2018-01-09T11:58:53+00:00\",\"breadcrumb\":{\"@id\":\"https:\\\/\\\/www.oco.ie\\\/ga\\\/library\\\/statement-based-investigation-provision-department-education-skills-hse-child-care\\\/#breadcrumb\"},\"inLanguage\":\"ga-IE\",\"potentialAction\":[{\"@type\":\"ReadAction\",\"target\":[\"https:\\\/\\\/www.oco.ie\\\/ga\\\/library\\\/statement-based-investigation-provision-department-education-skills-hse-child-care\\\/\"]}]},{\"@type\":\"ImageObject\",\"inLanguage\":\"ga-IE\",\"@id\":\"https:\\\/\\\/www.oco.ie\\\/ga\\\/library\\\/statement-based-investigation-provision-department-education-skills-hse-child-care\\\/#primaryimage\",\"url\":\"https:\\\/\\\/www.oco.ie\\\/app\\\/uploads\\\/2013\\\/07\\\/A-statement-based-on-an-investigation-into-provision-by-the-Department-of-Education-and-Skills-and-the-HSE-for-a-child-in-care-1.png\",\"contentUrl\":\"https:\\\/\\\/www.oco.ie\\\/app\\\/uploads\\\/2013\\\/07\\\/A-statement-based-on-an-investigation-into-provision-by-the-Department-of-Education-and-Skills-and-the-HSE-for-a-child-in-care-1.png\",\"width\":651,\"height\":842},{\"@type\":\"BreadcrumbList\",\"@id\":\"https:\\\/\\\/www.oco.ie\\\/ga\\\/library\\\/statement-based-investigation-provision-department-education-skills-hse-child-care\\\/#breadcrumb\",\"itemListElement\":[{\"@type\":\"ListItem\",\"position\":1,\"name\":\"Baile\",\"item\":\"https:\\\/\\\/www.oco.ie\\\/ga\\\/\"},{\"@type\":\"ListItem\",\"position\":2,\"name\":\"Library\",\"item\":\"https:\\\/\\\/www.oco.ie\\\/ga\\\/library\\\/\"},{\"@type\":\"ListItem\",\"position\":3,\"name\":\"A statement based on an investigation into provision by the Department of Education and Skills and the HSE for a child in care\"}]},{\"@type\":\"WebSite\",\"@id\":\"https:\\\/\\\/preprod.oco.ie\\\/#website\",\"url\":\"https:\\\/\\\/preprod.oco.ie\\\/\",\"name\":\"Ombudsman for Children\",\"description\":\"The OCO investigates complaints about services provided to children by public organisations. The service is free and independent.\",\"publisher\":{\"@id\":\"https:\\\/\\\/preprod.oco.ie\\\/#organization\"},\"potentialAction\":[{\"@type\":\"SearchAction\",\"target\":{\"@type\":\"EntryPoint\",\"urlTemplate\":\"https:\\\/\\\/preprod.oco.ie\\\/?s={search_term_string}\"},\"query-input\":{\"@type\":\"PropertyValueSpecification\",\"valueRequired\":true,\"valueName\":\"search_term_string\"}}],\"inLanguage\":\"ga-IE\"},{\"@type\":\"Organization\",\"@id\":\"https:\\\/\\\/preprod.oco.ie\\\/#organization\",\"name\":\"The Ombudsman for Children\u2019s Office\",\"url\":\"https:\\\/\\\/preprod.oco.ie\\\/\",\"logo\":{\"@type\":\"ImageObject\",\"inLanguage\":\"ga-IE\",\"@id\":\"https:\\\/\\\/preprod.oco.ie\\\/#\\\/schema\\\/logo\\\/image\\\/\",\"url\":\"https:\\\/\\\/www.oco.ie\\\/app\\\/uploads\\\/2018\\\/01\\\/oco.png\",\"contentUrl\":\"https:\\\/\\\/www.oco.ie\\\/app\\\/uploads\\\/2018\\\/01\\\/oco.png\",\"width\":228,\"height\":78,\"caption\":\"The Ombudsman for Children\u2019s Office\"},\"image\":{\"@id\":\"https:\\\/\\\/preprod.oco.ie\\\/#\\\/schema\\\/logo\\\/image\\\/\"},\"sameAs\":[\"https:\\\/\\\/www.facebook.com\\\/OCOIreland\\\/\",\"https:\\\/\\\/x.com\\\/OCO_ireland\",\"https:\\\/\\\/www.instagram.com\\\/ombudsmanforchildren\\\/\",\"https:\\\/\\\/www.youtube.com\\\/user\\\/OCOIreland\"]}]}<\/script>\n<!-- \/ Yoast SEO plugin. -->","yoast_head_json":{"title":"A statement based on an investigation into provision by the Department of Education and Skills and the HSE for a child in care - Ombudsman for Children","robots":{"index":"index","follow":"follow","max-snippet":"max-snippet:-1","max-image-preview":"max-image-preview:large","max-video-preview":"max-video-preview:-1"},"canonical":"https:\/\/www.oco.ie\/ga\/library\/statement-based-investigation-provision-department-education-skills-hse-child-care\/","og_locale":"ga_IE","og_type":"article","og_title":"A statement based on an investigation into provision by the Department of Education and Skills and the HSE for a child in care - Ombudsman for Children","og_description":"In September 2010 this Office received a complaint from a Guardian ad litem (GAL) acting on behalf of a separated child, then aged 13 years, who was in the care of the HSE. This complaint was ...","og_url":"https:\/\/www.oco.ie\/ga\/library\/statement-based-investigation-provision-department-education-skills-hse-child-care\/","og_site_name":"Ombudsman for Children","article_publisher":"https:\/\/www.facebook.com\/OCOIreland\/","article_modified_time":"2018-01-09T11:58:53+00:00","og_image":[{"width":651,"height":842,"url":"https:\/\/preprod.oco.ie\/app\/uploads\/2013\/07\/A-statement-based-on-an-investigation-into-provision-by-the-Department-of-Education-and-Skills-and-the-HSE-for-a-child-in-care-1.png","type":"image\/png"}],"twitter_card":"summary_large_image","twitter_site":"@OCO_ireland","twitter_misc":{"Est. reading time":"2 minutes"},"schema":{"@context":"https:\/\/schema.org","@graph":[{"@type":"WebPage","@id":"https:\/\/www.oco.ie\/ga\/library\/statement-based-investigation-provision-department-education-skills-hse-child-care\/","url":"https:\/\/www.oco.ie\/ga\/library\/statement-based-investigation-provision-department-education-skills-hse-child-care\/","name":"A statement based on an investigation into provision by the Department of Education and Skills and the HSE for a child in care - Ombudsman for Children","isPartOf":{"@id":"https:\/\/preprod.oco.ie\/#website"},"primaryImageOfPage":{"@id":"https:\/\/www.oco.ie\/ga\/library\/statement-based-investigation-provision-department-education-skills-hse-child-care\/#primaryimage"},"image":{"@id":"https:\/\/www.oco.ie\/ga\/library\/statement-based-investigation-provision-department-education-skills-hse-child-care\/#primaryimage"},"thumbnailUrl":"https:\/\/www.oco.ie\/app\/uploads\/2013\/07\/A-statement-based-on-an-investigation-into-provision-by-the-Department-of-Education-and-Skills-and-the-HSE-for-a-child-in-care-1.png","datePublished":"2013-07-12T10:29:45+00:00","dateModified":"2018-01-09T11:58:53+00:00","breadcrumb":{"@id":"https:\/\/www.oco.ie\/ga\/library\/statement-based-investigation-provision-department-education-skills-hse-child-care\/#breadcrumb"},"inLanguage":"ga-IE","potentialAction":[{"@type":"ReadAction","target":["https:\/\/www.oco.ie\/ga\/library\/statement-based-investigation-provision-department-education-skills-hse-child-care\/"]}]},{"@type":"ImageObject","inLanguage":"ga-IE","@id":"https:\/\/www.oco.ie\/ga\/library\/statement-based-investigation-provision-department-education-skills-hse-child-care\/#primaryimage","url":"https:\/\/www.oco.ie\/app\/uploads\/2013\/07\/A-statement-based-on-an-investigation-into-provision-by-the-Department-of-Education-and-Skills-and-the-HSE-for-a-child-in-care-1.png","contentUrl":"https:\/\/www.oco.ie\/app\/uploads\/2013\/07\/A-statement-based-on-an-investigation-into-provision-by-the-Department-of-Education-and-Skills-and-the-HSE-for-a-child-in-care-1.png","width":651,"height":842},{"@type":"BreadcrumbList","@id":"https:\/\/www.oco.ie\/ga\/library\/statement-based-investigation-provision-department-education-skills-hse-child-care\/#breadcrumb","itemListElement":[{"@type":"ListItem","position":1,"name":"Baile","item":"https:\/\/www.oco.ie\/ga\/"},{"@type":"ListItem","position":2,"name":"Library","item":"https:\/\/www.oco.ie\/ga\/library\/"},{"@type":"ListItem","position":3,"name":"A statement based on an investigation into provision by the Department of Education and Skills and the HSE for a child in care"}]},{"@type":"WebSite","@id":"https:\/\/preprod.oco.ie\/#website","url":"https:\/\/preprod.oco.ie\/","name":"Ombudsman for Children","description":"The OCO investigates complaints about services provided to children by public organisations. The service is free and independent.","publisher":{"@id":"https:\/\/preprod.oco.ie\/#organization"},"potentialAction":[{"@type":"SearchAction","target":{"@type":"EntryPoint","urlTemplate":"https:\/\/preprod.oco.ie\/?s={search_term_string}"},"query-input":{"@type":"PropertyValueSpecification","valueRequired":true,"valueName":"search_term_string"}}],"inLanguage":"ga-IE"},{"@type":"Organization","@id":"https:\/\/preprod.oco.ie\/#organization","name":"The Ombudsman for Children\u2019s Office","url":"https:\/\/preprod.oco.ie\/","logo":{"@type":"ImageObject","inLanguage":"ga-IE","@id":"https:\/\/preprod.oco.ie\/#\/schema\/logo\/image\/","url":"https:\/\/www.oco.ie\/app\/uploads\/2018\/01\/oco.png","contentUrl":"https:\/\/www.oco.ie\/app\/uploads\/2018\/01\/oco.png","width":228,"height":78,"caption":"The Ombudsman for Children\u2019s Office"},"image":{"@id":"https:\/\/preprod.oco.ie\/#\/schema\/logo\/image\/"},"sameAs":["https:\/\/www.facebook.com\/OCOIreland\/","https:\/\/x.com\/OCO_ireland","https:\/\/www.instagram.com\/ombudsmanforchildren\/","https:\/\/www.youtube.com\/user\/OCOIreland"]}]}},"spectra_custom_meta":{"_edit_last":["1"],"_edit_lock":["1515502357:1"],"_doc_name":["A statement based on an investigation into provision by the Department of Education and Skills and the HSE for a child in care"],"_doc_url":["https:\/\/www.oco.ie\/wp-content\/uploads\/2014\/03\/OCOInvestigationintoprovisionbyDESandHSEforchildincare.pdf"],"_secondary_title":[""],"_yoast_wpseo_primary_resource_type":["14"],"_yoast_wpseo_primary_resource_topic":["26"],"_yoast_wpseo_content_score":["30"],"_thumbnail_id":["577"],"documents_0_document_title":["A statement based on an investigation into provision by the Department of Education and Skills and the HSE for a child in care"],"_documents_0_document_title":["field_59fb055b2f9db"],"documents_0_document":["1975"],"_documents_0_document":["field_59fb06252f9dc"],"documents_0_document_url":[""],"_documents_0_document_url":["field_59fb33d397757"],"documents_0_document_image":[""],"_documents_0_document_image":["field_59fb065a2f9dd"],"documents":["1"],"_documents":["field_59fb03b22f9da"],"irishTitle":["R\u00e1iteas at\u00e1 bunaithe ar imscr\u00fad\u00fa ar shol\u00e1thar ag an Roinn Oideachais agus Scileanna agus FSS ar  leanbh i gc\u00faram"],"irishContent":["I Me\u00e1n F\u00f3mhair 2010, rinneadh gear\u00e1n leis an oifig seo \u00f3 Chaomhn\u00f3ir\r\nad litem (CAL) a bh\u00ed ag gn\u00edomh\u00fa thar ceann leanbh scartha, a bh\u00ed 13 bliana d\u2019aois, a bh\u00ed i gc\u00faram FSS. Rinneadh an gear\u00e1n seo tr\u00ed aturnae an CAL agus thacaigh an t-aturnae leis. Is \u00e9 r\u00f3l CAL mianta agus dearctha\u00ed an linbh a dheimhni\u00fa faoina gc\u00faram, tuairim a chruth\u00fa faoin m\u00e9id a th\u00e9ann chun s\u00e1rleasa an linbh agus chun tuairisci\u00fa a dh\u00e9anamh ar an d\u00e1 rud seo leis na c\u00fairteanna. N\u00ed f\u00e9idir ach leis na c\u00fairteanna CALanna a cheapadh do leana\u00ed at\u00e1 i gc\u00faram.\r\n\r\nChuir an CAL Oifig ar an eolas gur fh\u00e1g a scoil an leanbh as an \u00e1ireamh go buan i mBealtaine 2008 mar gheall ar shaincheisteanna iompra\u00edochta. Mhol ionada\u00ed dl\u00edthi\u00fail an CAL, ina theannta sin, gur gh\u00e1 caitheamh leis na saincheisteanna dl\u00edthi\u00fala seo agus an chaoi gur scaradh \u00e9 \u00f3na mh\u00e1thair agus a shibl\u00edn\u00ed le d\u00e9ana\u00ed, b\u00e1s for\u00e9igneach teaghlaigh agus c\u00faram neamhleor \u00f3na athair \u00e1 gcur san \u00e1ireamh. Idir Meitheamh agus Deireadh F\u00f3mhair 2009, bh\u00ed an leanbh i st\u00e1t neamh-AE lena athair, ach d\u2019fhill s\u00e9 mar leanbh scartha i nDeireadh F\u00f3mhair 2009. Chuir FSS \u00e9 i gc\u00faram altrama ina dhiaidh sin.\r\n\r\nI ndiaidh gur fh\u00e1g a scoil as an \u00e1ireamh \u00e9 i mBealtaine 2008, n\u00edor fhill an leanbh ar oideachas l\u00e1naimseartha go dt\u00ed M\u00e1rta 2010 mar gheall nach bhf\u00e9adfa\u00ed teacht ar aon socr\u00fach\u00e1n scoile d\u00f3, in ainneoin go raibh iarratais \u00e1 nd\u00e9anamh ag FSS ar bhreis agus 26 scoil le c\u00fanamh \u00f3n CAL agus an Bord N\u00e1isi\u00fanta Leasa Oideachais (an BNLO). Rinne an BNLO iarratas ar Theagasc Baile thar a cheann agus shol\u00e1thair an Roinn Oideachais agus Scileanna (d\u00e1 dtagr\u00f3far mar \u2018an Roinn\u2019 d\u00e1 \u00e9is seo) Teagasc Baile naoi n-uaire an chloig sa tseachtain ar feadh thromlach na tr\u00e9imhse d\u00e1 raibh an leanbh as l\u00e1thair \u00f3n scoil.\r\n\r\nMa\u00edonn an CAL agus an t-aturnae, in ainneoin na bainte a bh\u00ed ag an BNLO agus FSS, gur fhan an leanbh lasmuigh den scoil phr\u00edomhshrutha ar feadh beagnach dh\u00e1 bhliain. Ma\u00edonn siad go bhfuil seo mar thoradh ar easpa bainist\u00edochta ar oideachas an linbh ag an Roinn. Ma\u00edonn siad go bhfuil an ceart ag an leanbh chun socr\u00fach\u00e1n scoile a fh\u00e1il agus gur cheart beartas agus n\u00f3sanna imeachta a chur i bhfeidhm lena chinnti\u00fa nach bhf\u00e1gtar leana\u00ed gan an sol\u00e1thar seo."],"irishSecondaryTitle":[""],"_sbi_oembed_done_checking":["1"],"_wpml_word_count":["354"],"_uag_page_assets":["a:9:{s:3:\"css\";s:0:\"\";s:2:\"js\";s:0:\"\";s:18:\"current_block_list\";a:0:{}s:8:\"uag_flag\";b:0;s:11:\"uag_version\";s:10:\"1788213750\";s:6:\"gfonts\";a:0:{}s:10:\"gfonts_url\";s:0:\"\";s:12:\"gfonts_files\";a:0:{}s:14:\"uag_faq_layout\";b:0;}"]},"uagb_featured_image_src":{"full":["https:\/\/www.oco.ie\/app\/uploads\/2013\/07\/A-statement-based-on-an-investigation-into-provision-by-the-Department-of-Education-and-Skills-and-the-HSE-for-a-child-in-care-1.png",651,842,false],"thumbnail":["https:\/\/www.oco.ie\/app\/uploads\/2013\/07\/A-statement-based-on-an-investigation-into-provision-by-the-Department-of-Education-and-Skills-and-the-HSE-for-a-child-in-care-1-e1507557691678-150x150.png",150,150,true],"medium":["https:\/\/www.oco.ie\/app\/uploads\/2013\/07\/A-statement-based-on-an-investigation-into-provision-by-the-Department-of-Education-and-Skills-and-the-HSE-for-a-child-in-care-1-232x300.png",232,300,true],"medium_large":["https:\/\/www.oco.ie\/app\/uploads\/2013\/07\/A-statement-based-on-an-investigation-into-provision-by-the-Department-of-Education-and-Skills-and-the-HSE-for-a-child-in-care-1.png",651,842,false],"large":["https:\/\/www.oco.ie\/app\/uploads\/2013\/07\/A-statement-based-on-an-investigation-into-provision-by-the-Department-of-Education-and-Skills-and-the-HSE-for-a-child-in-care-1.png",651,842,false],"1536x1536":["https:\/\/www.oco.ie\/app\/uploads\/2013\/07\/A-statement-based-on-an-investigation-into-provision-by-the-Department-of-Education-and-Skills-and-the-HSE-for-a-child-in-care-1.png",651,842,false],"2048x2048":["https:\/\/www.oco.ie\/app\/uploads\/2013\/07\/A-statement-based-on-an-investigation-into-provision-by-the-Department-of-Education-and-Skills-and-the-HSE-for-a-child-in-care-1.png",651,842,false],"post-thumbnail":["https:\/\/www.oco.ie\/app\/uploads\/2013\/07\/A-statement-based-on-an-investigation-into-provision-by-the-Department-of-Education-and-Skills-and-the-HSE-for-a-child-in-care-1-150x150.png",150,150,true],"size_150x150":["https:\/\/www.oco.ie\/app\/uploads\/2013\/07\/A-statement-based-on-an-investigation-into-provision-by-the-Department-of-Education-and-Skills-and-the-HSE-for-a-child-in-care-1-150x150.png",150,150,true],"gform-image-choice-sm":["https:\/\/www.oco.ie\/app\/uploads\/2013\/07\/A-statement-based-on-an-investigation-into-provision-by-the-Department-of-Education-and-Skills-and-the-HSE-for-a-child-in-care-1.png",232,300,false],"gform-image-choice-md":["https:\/\/www.oco.ie\/app\/uploads\/2013\/07\/A-statement-based-on-an-investigation-into-provision-by-the-Department-of-Education-and-Skills-and-the-HSE-for-a-child-in-care-1.png",309,400,false],"gform-image-choice-lg":["https:\/\/www.oco.ie\/app\/uploads\/2013\/07\/A-statement-based-on-an-investigation-into-provision-by-the-Department-of-Education-and-Skills-and-the-HSE-for-a-child-in-care-1.png",464,600,false]},"uagb_author_info":{"display_name":"fusio","author_link":"https:\/\/www.oco.ie\/ga\/news\/author\/fusio\/"},"uagb_comment_info":0,"uagb_excerpt":"In September 2010 this Office received a complaint from a Guardian ad litem (GAL) acting on behalf of a separated child, then aged 13 years, who was in the care of the HSE. This complaint was ...","_links":{"self":[{"href":"https:\/\/www.oco.ie\/ga\/wp-json\/wp\/v2\/library\/542","targetHints":{"allow":["GET"]}}],"collection":[{"href":"https:\/\/www.oco.ie\/ga\/wp-json\/wp\/v2\/library"}],"about":[{"href":"https:\/\/www.oco.ie\/ga\/wp-json\/wp\/v2\/types\/library"}],"author":[{"embeddable":true,"href":"https:\/\/www.oco.ie\/ga\/wp-json\/wp\/v2\/users\/1"}],"wp:featuredmedia":[{"embeddable":true,"href":"https:\/\/www.oco.ie\/ga\/wp-json\/wp\/v2\/media\/577"}],"wp:attachment":[{"href":"https:\/\/www.oco.ie\/ga\/wp-json\/wp\/v2\/media?parent=542"}],"curies":[{"name":"wp","href":"https:\/\/api.w.org\/{rel}","templated":true}]}}