{"id":2454,"date":"2018-02-23T13:18:02","date_gmt":"2018-02-23T13:18:02","guid":{"rendered":"https:\/\/www.oco.ie\/?post_type=library&#038;p=2454"},"modified":"2019-04-29T13:35:08","modified_gmt":"2019-04-29T13:35:08","slug":"review-of-the-child-care-act-1991","status":"publish","type":"library","link":"https:\/\/www.oco.ie\/ga\/library\/review-of-the-child-care-act-1991\/","title":{"rendered":"Review of the Child Care Act 1991"},"content":{"rendered":"<p>In accordance with a commitment in Better Outcomes, Brighter Futures \u2013 The National Policy Framework for Children and Young People 2014-2020, the Department of Children and Youth Affairs (DCYA) commenced a two-year process to review the Child Care Act 1991 in 2017. The aims of this review are to identify what is working well within the legislation; to address any identified gaps and new areas for development; to capture current legislative, policy and practice developments; and, building on these steps, to revise the original legislation. We welcome this review as an important opportunity for the State to affirm its commitment and give appropriate legislative underpinning to its obligations to respect, protect and fulfil the rights of children affected by the 1991 Act\u2019s provisions. Taking this opportunity will mean putting children first and will involve a focus on strengthening the visibility of children\u2019s rights in the 1991 Act. It will also entail setting out what the State requires and expects of the Child and Family Agency (Tusla), the courts, An Garda S\u00edoch\u00e1na and other actors as regards discharging their roles and responsibilities under the Act in accordance with children\u2019s rights and best interests. In December 2017, we received an invitation from the DCYA to take part in a written consultation process regarding how best to reform and revise the 1991 Act. We completed our submission in February 2018.<\/p>\n","protected":false},"author":2,"featured_media":2577,"template":"","class_list":["post-2454","library","type-library","status-publish","has-post-thumbnail","hentry","resource_type-submission","resource_topic-children-in-care"],"acf":[],"yoast_head":"<!-- This site is optimized with the Yoast SEO plugin v28.4 - https:\/\/yoast.com\/product\/yoast-seo-wordpress\/ -->\n<title>Review of the Child Care Act 1991 - Ombudsman for Children<\/title>\n<meta name=\"robots\" content=\"index, follow, max-snippet:-1, max-image-preview:large, max-video-preview:-1\" \/>\n<link rel=\"canonical\" href=\"https:\/\/www.oco.ie\/ga\/library\/review-of-the-child-care-act-1991\/\" \/>\n<meta property=\"og:locale\" content=\"ga_IE\" \/>\n<meta property=\"og:type\" content=\"article\" \/>\n<meta property=\"og:title\" content=\"Review of the Child Care Act 1991 - Ombudsman for Children\" \/>\n<meta property=\"og:description\" content=\"In accordance with a commitment in Better Outcomes, Brighter Futures \u2013 The National Policy Framework for Children and Young People 2014-2020, the Department of Children and Youth Affairs (DCYA) commenced a two-year process to review the ...\" \/>\n<meta property=\"og:url\" content=\"https:\/\/www.oco.ie\/ga\/library\/review-of-the-child-care-act-1991\/\" \/>\n<meta property=\"og:site_name\" content=\"Ombudsman for Children\" \/>\n<meta property=\"article:publisher\" content=\"https:\/\/www.facebook.com\/OCOIreland\/\" \/>\n<meta property=\"article:modified_time\" content=\"2019-04-29T13:35:08+00:00\" \/>\n<meta property=\"og:image\" content=\"https:\/\/preprod.oco.ie\/app\/uploads\/2018\/07\/Master-Logo-forWeb-Documents-2017.jpg\" \/>\n\t<meta property=\"og:image:width\" content=\"383\" \/>\n\t<meta property=\"og:image:height\" content=\"383\" \/>\n\t<meta property=\"og:image:type\" content=\"image\/jpeg\" \/>\n<meta name=\"twitter:card\" content=\"summary_large_image\" \/>\n<meta name=\"twitter:site\" content=\"@OCO_ireland\" \/>\n<meta name=\"twitter:label1\" content=\"Est. reading time\" \/>\n\t<meta name=\"twitter:data1\" content=\"1 minute\" \/>\n<script type=\"application\/ld+json\" class=\"yoast-schema-graph\">{\"@context\":\"https:\\\/\\\/schema.org\",\"@graph\":[{\"@type\":\"WebPage\",\"@id\":\"https:\\\/\\\/www.oco.ie\\\/ga\\\/library\\\/review-of-the-child-care-act-1991\\\/\",\"url\":\"https:\\\/\\\/www.oco.ie\\\/ga\\\/library\\\/review-of-the-child-care-act-1991\\\/\",\"name\":\"Review of the Child Care Act 1991 - Ombudsman for Children\",\"isPartOf\":{\"@id\":\"https:\\\/\\\/preprod.oco.ie\\\/#website\"},\"primaryImageOfPage\":{\"@id\":\"https:\\\/\\\/www.oco.ie\\\/ga\\\/library\\\/review-of-the-child-care-act-1991\\\/#primaryimage\"},\"image\":{\"@id\":\"https:\\\/\\\/www.oco.ie\\\/ga\\\/library\\\/review-of-the-child-care-act-1991\\\/#primaryimage\"},\"thumbnailUrl\":\"https:\\\/\\\/www.oco.ie\\\/app\\\/uploads\\\/2018\\\/07\\\/Master-Logo-forWeb-Documents-2017.jpg\",\"datePublished\":\"2018-02-23T13:18:02+00:00\",\"dateModified\":\"2019-04-29T13:35:08+00:00\",\"breadcrumb\":{\"@id\":\"https:\\\/\\\/www.oco.ie\\\/ga\\\/library\\\/review-of-the-child-care-act-1991\\\/#breadcrumb\"},\"inLanguage\":\"ga-IE\",\"potentialAction\":[{\"@type\":\"ReadAction\",\"target\":[\"https:\\\/\\\/www.oco.ie\\\/ga\\\/library\\\/review-of-the-child-care-act-1991\\\/\"]}]},{\"@type\":\"ImageObject\",\"inLanguage\":\"ga-IE\",\"@id\":\"https:\\\/\\\/www.oco.ie\\\/ga\\\/library\\\/review-of-the-child-care-act-1991\\\/#primaryimage\",\"url\":\"https:\\\/\\\/www.oco.ie\\\/app\\\/uploads\\\/2018\\\/07\\\/Master-Logo-forWeb-Documents-2017.jpg\",\"contentUrl\":\"https:\\\/\\\/www.oco.ie\\\/app\\\/uploads\\\/2018\\\/07\\\/Master-Logo-forWeb-Documents-2017.jpg\",\"width\":383,\"height\":383},{\"@type\":\"BreadcrumbList\",\"@id\":\"https:\\\/\\\/www.oco.ie\\\/ga\\\/library\\\/review-of-the-child-care-act-1991\\\/#breadcrumb\",\"itemListElement\":[{\"@type\":\"ListItem\",\"position\":1,\"name\":\"Baile\",\"item\":\"https:\\\/\\\/www.oco.ie\\\/ga\\\/\"},{\"@type\":\"ListItem\",\"position\":2,\"name\":\"Library\",\"item\":\"https:\\\/\\\/www.oco.ie\\\/ga\\\/library\\\/\"},{\"@type\":\"ListItem\",\"position\":3,\"name\":\"Review of the Child Care Act 1991\"}]},{\"@type\":\"WebSite\",\"@id\":\"https:\\\/\\\/preprod.oco.ie\\\/#website\",\"url\":\"https:\\\/\\\/preprod.oco.ie\\\/\",\"name\":\"Ombudsman for Children\",\"description\":\"The OCO investigates complaints about services provided to children by public organisations. The service is free and independent.\",\"publisher\":{\"@id\":\"https:\\\/\\\/preprod.oco.ie\\\/#organization\"},\"potentialAction\":[{\"@type\":\"SearchAction\",\"target\":{\"@type\":\"EntryPoint\",\"urlTemplate\":\"https:\\\/\\\/preprod.oco.ie\\\/?s={search_term_string}\"},\"query-input\":{\"@type\":\"PropertyValueSpecification\",\"valueRequired\":true,\"valueName\":\"search_term_string\"}}],\"inLanguage\":\"ga-IE\"},{\"@type\":\"Organization\",\"@id\":\"https:\\\/\\\/preprod.oco.ie\\\/#organization\",\"name\":\"The Ombudsman for Children\u2019s Office\",\"url\":\"https:\\\/\\\/preprod.oco.ie\\\/\",\"logo\":{\"@type\":\"ImageObject\",\"inLanguage\":\"ga-IE\",\"@id\":\"https:\\\/\\\/preprod.oco.ie\\\/#\\\/schema\\\/logo\\\/image\\\/\",\"url\":\"https:\\\/\\\/www.oco.ie\\\/app\\\/uploads\\\/2018\\\/01\\\/oco.png\",\"contentUrl\":\"https:\\\/\\\/www.oco.ie\\\/app\\\/uploads\\\/2018\\\/01\\\/oco.png\",\"width\":228,\"height\":78,\"caption\":\"The Ombudsman for Children\u2019s Office\"},\"image\":{\"@id\":\"https:\\\/\\\/preprod.oco.ie\\\/#\\\/schema\\\/logo\\\/image\\\/\"},\"sameAs\":[\"https:\\\/\\\/www.facebook.com\\\/OCOIreland\\\/\",\"https:\\\/\\\/x.com\\\/OCO_ireland\",\"https:\\\/\\\/www.instagram.com\\\/ombudsmanforchildren\\\/\",\"https:\\\/\\\/www.youtube.com\\\/user\\\/OCOIreland\"]}]}<\/script>\n<!-- \/ Yoast SEO plugin. -->","yoast_head_json":{"title":"Review of the Child Care Act 1991 - Ombudsman for Children","robots":{"index":"index","follow":"follow","max-snippet":"max-snippet:-1","max-image-preview":"max-image-preview:large","max-video-preview":"max-video-preview:-1"},"canonical":"https:\/\/www.oco.ie\/ga\/library\/review-of-the-child-care-act-1991\/","og_locale":"ga_IE","og_type":"article","og_title":"Review of the Child Care Act 1991 - Ombudsman for Children","og_description":"In accordance with a commitment in Better Outcomes, Brighter Futures \u2013 The National Policy Framework for Children and Young People 2014-2020, the Department of Children and Youth Affairs (DCYA) commenced a two-year process to review the ...","og_url":"https:\/\/www.oco.ie\/ga\/library\/review-of-the-child-care-act-1991\/","og_site_name":"Ombudsman for Children","article_publisher":"https:\/\/www.facebook.com\/OCOIreland\/","article_modified_time":"2019-04-29T13:35:08+00:00","og_image":[{"width":383,"height":383,"url":"https:\/\/preprod.oco.ie\/app\/uploads\/2018\/07\/Master-Logo-forWeb-Documents-2017.jpg","type":"image\/jpeg"}],"twitter_card":"summary_large_image","twitter_site":"@OCO_ireland","twitter_misc":{"Est. reading time":"1 minute"},"schema":{"@context":"https:\/\/schema.org","@graph":[{"@type":"WebPage","@id":"https:\/\/www.oco.ie\/ga\/library\/review-of-the-child-care-act-1991\/","url":"https:\/\/www.oco.ie\/ga\/library\/review-of-the-child-care-act-1991\/","name":"Review of the Child Care Act 1991 - Ombudsman for Children","isPartOf":{"@id":"https:\/\/preprod.oco.ie\/#website"},"primaryImageOfPage":{"@id":"https:\/\/www.oco.ie\/ga\/library\/review-of-the-child-care-act-1991\/#primaryimage"},"image":{"@id":"https:\/\/www.oco.ie\/ga\/library\/review-of-the-child-care-act-1991\/#primaryimage"},"thumbnailUrl":"https:\/\/www.oco.ie\/app\/uploads\/2018\/07\/Master-Logo-forWeb-Documents-2017.jpg","datePublished":"2018-02-23T13:18:02+00:00","dateModified":"2019-04-29T13:35:08+00:00","breadcrumb":{"@id":"https:\/\/www.oco.ie\/ga\/library\/review-of-the-child-care-act-1991\/#breadcrumb"},"inLanguage":"ga-IE","potentialAction":[{"@type":"ReadAction","target":["https:\/\/www.oco.ie\/ga\/library\/review-of-the-child-care-act-1991\/"]}]},{"@type":"ImageObject","inLanguage":"ga-IE","@id":"https:\/\/www.oco.ie\/ga\/library\/review-of-the-child-care-act-1991\/#primaryimage","url":"https:\/\/www.oco.ie\/app\/uploads\/2018\/07\/Master-Logo-forWeb-Documents-2017.jpg","contentUrl":"https:\/\/www.oco.ie\/app\/uploads\/2018\/07\/Master-Logo-forWeb-Documents-2017.jpg","width":383,"height":383},{"@type":"BreadcrumbList","@id":"https:\/\/www.oco.ie\/ga\/library\/review-of-the-child-care-act-1991\/#breadcrumb","itemListElement":[{"@type":"ListItem","position":1,"name":"Baile","item":"https:\/\/www.oco.ie\/ga\/"},{"@type":"ListItem","position":2,"name":"Library","item":"https:\/\/www.oco.ie\/ga\/library\/"},{"@type":"ListItem","position":3,"name":"Review of the Child Care Act 1991"}]},{"@type":"WebSite","@id":"https:\/\/preprod.oco.ie\/#website","url":"https:\/\/preprod.oco.ie\/","name":"Ombudsman for Children","description":"The OCO investigates complaints about services provided to children by public organisations. The service is free and independent.","publisher":{"@id":"https:\/\/preprod.oco.ie\/#organization"},"potentialAction":[{"@type":"SearchAction","target":{"@type":"EntryPoint","urlTemplate":"https:\/\/preprod.oco.ie\/?s={search_term_string}"},"query-input":{"@type":"PropertyValueSpecification","valueRequired":true,"valueName":"search_term_string"}}],"inLanguage":"ga-IE"},{"@type":"Organization","@id":"https:\/\/preprod.oco.ie\/#organization","name":"The Ombudsman for Children\u2019s Office","url":"https:\/\/preprod.oco.ie\/","logo":{"@type":"ImageObject","inLanguage":"ga-IE","@id":"https:\/\/preprod.oco.ie\/#\/schema\/logo\/image\/","url":"https:\/\/www.oco.ie\/app\/uploads\/2018\/01\/oco.png","contentUrl":"https:\/\/www.oco.ie\/app\/uploads\/2018\/01\/oco.png","width":228,"height":78,"caption":"The Ombudsman for Children\u2019s Office"},"image":{"@id":"https:\/\/preprod.oco.ie\/#\/schema\/logo\/image\/"},"sameAs":["https:\/\/www.facebook.com\/OCOIreland\/","https:\/\/x.com\/OCO_ireland","https:\/\/www.instagram.com\/ombudsmanforchildren\/","https:\/\/www.youtube.com\/user\/OCOIreland"]}]}},"spectra_custom_meta":{"_edit_lock":["1556544924:2"],"_edit_last":["2"],"documents_0_document_title":["Submission to the Review of the Child Care Act 1991"],"_documents_0_document_title":["field_59fb055b2f9db"],"irishCaption":[""],"documents_0_document":["2453"],"_documents_0_document":["field_59fb06252f9dc"],"documents_0_document_url":[""],"_documents_0_document_url":["field_59fb33d397757"],"documents":["1"],"_documents":["field_59fb03b22f9da"],"irishTitle":["Athbhreithni\u00fa ar an Acht um Ch\u00faram Leana\u00ed 1991"],"irishContent":["De r\u00e9ir tiomantais i dTortha\u00ed N\u00edos Fearr Todhcha\u00ed N\u00edos Gile: Creatlach an Pholasa\u00ed N\u00e1isi\u00fanta do Leana\u00ed &amp; do Dhaoine \u00d3ga 2014-2020, chuir an Roinn Leana\u00ed agus Gn\u00f3tha\u00ed \u00d3ige (DCYA) t\u00fas le pr\u00f3iseas dh\u00e1 bhliain chun athbhreithni\u00fa a dh\u00e9anamh ar an Acht um Ch\u00faram Leana\u00ed 1991 in 2017 . Is iad aidhmeanna an athbhreithnithe seo na ruda\u00ed at\u00e1 ag obair go maith laistigh den reachta\u00edocht a aithint; chun aghaidh a thabhairt ar aon bhearna\u00ed sainaitheanta agus r\u00e9ims\u00ed nua forbartha; forbairt\u00ed reachta\u00edochta, beartais agus cleachtais reatha a ghabh\u00e1il; agus, ag t\u00f3g\u00e1il ar na c\u00e9imeanna seo, an reachta\u00edocht bhunaidh a leas\u00fa. F\u00e1ilt\u00edmid roimh an athbhreithni\u00fa seo mar dheis th\u00e1bhachtach don St\u00e1t a thiomantas a dhearbh\u00fa agus bonn taca reacht\u00fail a thabhairt d\u00e1 oibleag\u00e1id\u00ed maidir le cearta leana\u00ed a nd\u00e9anann for\u00e1lacha Acht 1991 difear d\u00f3ibh a urram\u00fa, a chosaint agus a chomhl\u00edonadh. Is \u00e9 a bheidh i gceist leis an deis seo a thap\u00fa n\u00e1 leana\u00ed a chur ar dt\u00fas agus leagfar b\u00e9im ar infheictheacht chearta leana\u00ed a neart\u00fa in Acht 1991. Leagfar amach ann chomh maith an m\u00e9id a \u00e9il\u00edonn an St\u00e1t agus an Ghn\u00edomhaireacht um Leana\u00ed agus an Teaghlach (Tusla), na c\u00fairteanna, An Garda S\u00edoch\u00e1na agus gn\u00edomhaithe eile maidir lena r\u00f3il agus a bhfreagrachta\u00ed a chomhl\u00edonadh faoin Acht de r\u00e9ir chearta agus leas an linbh. I m\u00ed na Nollag 2017, fuaireamar cuireadh \u00f3n DCYA p\u00e1irt a ghlacadh i bpr\u00f3iseas comhairli\u00fach\u00e1in scr\u00edofa maidir leis an mbealach is fearr le hAcht 1991 a athch\u00f3iri\u00fa agus a leas\u00fa. Chr\u00edochna\u00edomar \u00e1r n-aighneacht i m\u00ed Feabhra 2018."],"irishSecondaryTitle":[""],"_yoast_wpseo_primary_resource_type":["9"],"_yoast_wpseo_primary_resource_topic":["26"],"_yoast_wpseo_content_score":["30"],"_wp_old_date":["2018-06-05"],"_thumbnail_id":["2577"],"_sbi_oembed_done_checking":["1"],"_wpml_word_count":["240"]},"uagb_featured_image_src":{"full":["https:\/\/www.oco.ie\/app\/uploads\/2018\/07\/Master-Logo-forWeb-Documents-2017.jpg",383,383,false],"thumbnail":["https:\/\/www.oco.ie\/app\/uploads\/2018\/07\/Master-Logo-forWeb-Documents-2017-150x150.jpg",150,150,true],"medium":["https:\/\/www.oco.ie\/app\/uploads\/2018\/07\/Master-Logo-forWeb-Documents-2017-300x300.jpg",300,300,true],"medium_large":["https:\/\/www.oco.ie\/app\/uploads\/2018\/07\/Master-Logo-forWeb-Documents-2017.jpg",383,383,false],"large":["https:\/\/www.oco.ie\/app\/uploads\/2018\/07\/Master-Logo-forWeb-Documents-2017.jpg",383,383,false],"1536x1536":["https:\/\/www.oco.ie\/app\/uploads\/2018\/07\/Master-Logo-forWeb-Documents-2017.jpg",383,383,false],"2048x2048":["https:\/\/www.oco.ie\/app\/uploads\/2018\/07\/Master-Logo-forWeb-Documents-2017.jpg",383,383,false],"post-thumbnail":["https:\/\/www.oco.ie\/app\/uploads\/2018\/07\/Master-Logo-forWeb-Documents-2017-150x150.jpg",150,150,true],"size_150x150":["https:\/\/www.oco.ie\/app\/uploads\/2018\/07\/Master-Logo-forWeb-Documents-2017-150x150.jpg",150,150,true],"gform-image-choice-sm":["https:\/\/www.oco.ie\/app\/uploads\/2018\/07\/Master-Logo-forWeb-Documents-2017.jpg",300,300,false],"gform-image-choice-md":["https:\/\/www.oco.ie\/app\/uploads\/2018\/07\/Master-Logo-forWeb-Documents-2017.jpg",383,383,false],"gform-image-choice-lg":["https:\/\/www.oco.ie\/app\/uploads\/2018\/07\/Master-Logo-forWeb-Documents-2017.jpg",383,383,false]},"uagb_author_info":{"display_name":"Aoife Carragher","author_link":"https:\/\/www.oco.ie\/ga\/news\/author\/aoife\/"},"uagb_comment_info":0,"uagb_excerpt":"In accordance with a commitment in Better Outcomes, Brighter Futures \u2013 The National Policy Framework for Children and Young People 2014-2020, the Department of Children and Youth Affairs (DCYA) commenced a two-year process to review the ...","_links":{"self":[{"href":"https:\/\/www.oco.ie\/ga\/wp-json\/wp\/v2\/library\/2454","targetHints":{"allow":["GET"]}}],"collection":[{"href":"https:\/\/www.oco.ie\/ga\/wp-json\/wp\/v2\/library"}],"about":[{"href":"https:\/\/www.oco.ie\/ga\/wp-json\/wp\/v2\/types\/library"}],"author":[{"embeddable":true,"href":"https:\/\/www.oco.ie\/ga\/wp-json\/wp\/v2\/users\/2"}],"wp:featuredmedia":[{"embeddable":true,"href":"https:\/\/www.oco.ie\/ga\/wp-json\/wp\/v2\/media\/2577"}],"wp:attachment":[{"href":"https:\/\/www.oco.ie\/ga\/wp-json\/wp\/v2\/media?parent=2454"}],"curies":[{"name":"wp","href":"https:\/\/api.w.org\/{rel}","templated":true}]}}