{"id":2342,"date":"2018-03-05T00:01:22","date_gmt":"2018-03-05T00:01:22","guid":{"rendered":"https:\/\/www.oco.ie\/?post_type=library&#038;p=2342"},"modified":"2018-06-21T15:46:08","modified_gmt":"2018-06-21T15:46:08","slug":"brexit-childrens-rights-childrens-voices","status":"publish","type":"library","link":"https:\/\/www.oco.ie\/ga\/library\/brexit-childrens-rights-childrens-voices\/","title":{"rendered":"It\u2019s Our Brexit Too: Children\u2019s Rights, Children\u2019s Voices"},"content":{"rendered":"<p><span style=\"font-weight: 400;\">This is a report on the views, hopes and fears of young people, North and South, and is the outcome of a unique cross-border conference hosted by the Ombudsman for Children\u2019s Office and the Northern Ireland Commissioner for Children and Young People.<\/span><\/p>\n<p><i><span style=\"font-weight: 400;\">It\u2019s Our Brexit Too: Children\u2019s Rights, Children\u2019s Voices<\/span><\/i><span style=\"font-weight: 400;\"> represents the views of 120 young people from both sides of the island who came together at a conference to explore how Brexit could affect them. \u00a0It outlines considerations and protections that should feed into decisions on areas such as education, child protection, freedom of movement, family life and health.<\/span><\/p>\n<p><span style=\"font-weight: 400;\">The conference hosted in Newry in November 2017, was organised and led by a cross-border Steering Group of young people. \u00a0T\u00e1naiste Simon Coveney participated in the conference via video link, and it was attended by Parliamentary Under Secretary of State for NI Chloe Smyth MP, Mairead McGuinness MEP, Jim Nicholson MEP and senior officials from both sides of the island. <\/span><\/p>\n","protected":false},"author":1,"featured_media":2548,"template":"","class_list":["post-2342","library","type-library","status-publish","has-post-thumbnail","hentry","resource_type-report","resource_type-views-of-young-people","resource_topic-education","resource_topic-health"],"acf":[],"yoast_head":"<!-- This site is optimized with the Yoast SEO plugin v28.3 - https:\/\/yoast.com\/product\/yoast-seo-wordpress\/ -->\n<title>It\u2019s Our Brexit Too: Children\u2019s Rights, Children\u2019s Voices - Ombudsman for Children<\/title>\n<meta name=\"robots\" content=\"index, follow, max-snippet:-1, max-image-preview:large, max-video-preview:-1\" \/>\n<link rel=\"canonical\" href=\"https:\/\/www.oco.ie\/ga\/library\/brexit-childrens-rights-childrens-voices\/\" \/>\n<meta property=\"og:locale\" content=\"ga_IE\" \/>\n<meta property=\"og:type\" content=\"article\" \/>\n<meta property=\"og:title\" content=\"It\u2019s Our Brexit Too: Children\u2019s Rights, Children\u2019s Voices - Ombudsman for Children\" \/>\n<meta property=\"og:description\" content=\"This is a report on the views, hopes and fears of young people, North and South, and is the outcome of a unique cross-border conference hosted by the Ombudsman for Children\u2019s Office and the Northern Ireland ...\" \/>\n<meta property=\"og:url\" content=\"https:\/\/www.oco.ie\/ga\/library\/brexit-childrens-rights-childrens-voices\/\" \/>\n<meta property=\"og:site_name\" content=\"Ombudsman for Children\" \/>\n<meta property=\"article:publisher\" content=\"https:\/\/www.facebook.com\/OCOIreland\/\" \/>\n<meta property=\"article:modified_time\" content=\"2018-06-21T15:46:08+00:00\" \/>\n<meta property=\"og:image\" content=\"https:\/\/preprod.oco.ie\/app\/uploads\/2018\/03\/Brexit-Full-Report-cover-image-601x850.jpg\" \/>\n\t<meta property=\"og:image:width\" content=\"601\" \/>\n\t<meta property=\"og:image:height\" content=\"850\" \/>\n\t<meta property=\"og:image:type\" content=\"image\/jpeg\" \/>\n<meta name=\"twitter:card\" content=\"summary_large_image\" \/>\n<meta name=\"twitter:site\" content=\"@OCO_ireland\" \/>\n<meta name=\"twitter:label1\" content=\"Est. reading time\" \/>\n\t<meta name=\"twitter:data1\" content=\"1 minute\" \/>\n<script type=\"application\/ld+json\" class=\"yoast-schema-graph\">{\"@context\":\"https:\\\/\\\/schema.org\",\"@graph\":[{\"@type\":\"WebPage\",\"@id\":\"https:\\\/\\\/www.oco.ie\\\/ga\\\/library\\\/brexit-childrens-rights-childrens-voices\\\/\",\"url\":\"https:\\\/\\\/www.oco.ie\\\/ga\\\/library\\\/brexit-childrens-rights-childrens-voices\\\/\",\"name\":\"It\u2019s Our Brexit Too: Children\u2019s Rights, Children\u2019s Voices - Ombudsman for Children\",\"isPartOf\":{\"@id\":\"https:\\\/\\\/preprod.oco.ie\\\/#website\"},\"primaryImageOfPage\":{\"@id\":\"https:\\\/\\\/www.oco.ie\\\/ga\\\/library\\\/brexit-childrens-rights-childrens-voices\\\/#primaryimage\"},\"image\":{\"@id\":\"https:\\\/\\\/www.oco.ie\\\/ga\\\/library\\\/brexit-childrens-rights-childrens-voices\\\/#primaryimage\"},\"thumbnailUrl\":\"https:\\\/\\\/www.oco.ie\\\/app\\\/uploads\\\/2018\\\/03\\\/Brexit-Full-Report-cover-image.jpg\",\"datePublished\":\"2018-03-05T00:01:22+00:00\",\"dateModified\":\"2018-06-21T15:46:08+00:00\",\"breadcrumb\":{\"@id\":\"https:\\\/\\\/www.oco.ie\\\/ga\\\/library\\\/brexit-childrens-rights-childrens-voices\\\/#breadcrumb\"},\"inLanguage\":\"ga-IE\",\"potentialAction\":[{\"@type\":\"ReadAction\",\"target\":[\"https:\\\/\\\/www.oco.ie\\\/ga\\\/library\\\/brexit-childrens-rights-childrens-voices\\\/\"]}]},{\"@type\":\"ImageObject\",\"inLanguage\":\"ga-IE\",\"@id\":\"https:\\\/\\\/www.oco.ie\\\/ga\\\/library\\\/brexit-childrens-rights-childrens-voices\\\/#primaryimage\",\"url\":\"https:\\\/\\\/www.oco.ie\\\/app\\\/uploads\\\/2018\\\/03\\\/Brexit-Full-Report-cover-image.jpg\",\"contentUrl\":\"https:\\\/\\\/www.oco.ie\\\/app\\\/uploads\\\/2018\\\/03\\\/Brexit-Full-Report-cover-image.jpg\",\"width\":2480,\"height\":3507},{\"@type\":\"BreadcrumbList\",\"@id\":\"https:\\\/\\\/www.oco.ie\\\/ga\\\/library\\\/brexit-childrens-rights-childrens-voices\\\/#breadcrumb\",\"itemListElement\":[{\"@type\":\"ListItem\",\"position\":1,\"name\":\"Baile\",\"item\":\"https:\\\/\\\/www.oco.ie\\\/ga\\\/\"},{\"@type\":\"ListItem\",\"position\":2,\"name\":\"Library\",\"item\":\"https:\\\/\\\/www.oco.ie\\\/ga\\\/library\\\/\"},{\"@type\":\"ListItem\",\"position\":3,\"name\":\"It\u2019s Our Brexit Too: Children\u2019s Rights, Children\u2019s Voices\"}]},{\"@type\":\"WebSite\",\"@id\":\"https:\\\/\\\/preprod.oco.ie\\\/#website\",\"url\":\"https:\\\/\\\/preprod.oco.ie\\\/\",\"name\":\"Ombudsman for Children\",\"description\":\"The OCO investigates complaints about services provided to children by public organisations. The service is free and independent.\",\"publisher\":{\"@id\":\"https:\\\/\\\/preprod.oco.ie\\\/#organization\"},\"potentialAction\":[{\"@type\":\"SearchAction\",\"target\":{\"@type\":\"EntryPoint\",\"urlTemplate\":\"https:\\\/\\\/preprod.oco.ie\\\/?s={search_term_string}\"},\"query-input\":{\"@type\":\"PropertyValueSpecification\",\"valueRequired\":true,\"valueName\":\"search_term_string\"}}],\"inLanguage\":\"ga-IE\"},{\"@type\":\"Organization\",\"@id\":\"https:\\\/\\\/preprod.oco.ie\\\/#organization\",\"name\":\"The Ombudsman for Children\u2019s Office\",\"url\":\"https:\\\/\\\/preprod.oco.ie\\\/\",\"logo\":{\"@type\":\"ImageObject\",\"inLanguage\":\"ga-IE\",\"@id\":\"https:\\\/\\\/preprod.oco.ie\\\/#\\\/schema\\\/logo\\\/image\\\/\",\"url\":\"https:\\\/\\\/www.oco.ie\\\/app\\\/uploads\\\/2018\\\/01\\\/oco.png\",\"contentUrl\":\"https:\\\/\\\/www.oco.ie\\\/app\\\/uploads\\\/2018\\\/01\\\/oco.png\",\"width\":228,\"height\":78,\"caption\":\"The Ombudsman for Children\u2019s Office\"},\"image\":{\"@id\":\"https:\\\/\\\/preprod.oco.ie\\\/#\\\/schema\\\/logo\\\/image\\\/\"},\"sameAs\":[\"https:\\\/\\\/www.facebook.com\\\/OCOIreland\\\/\",\"https:\\\/\\\/x.com\\\/OCO_ireland\",\"https:\\\/\\\/www.instagram.com\\\/ombudsmanforchildren\\\/\",\"https:\\\/\\\/www.youtube.com\\\/user\\\/OCOIreland\"]}]}<\/script>\n<!-- \/ Yoast SEO plugin. -->","yoast_head_json":{"title":"It\u2019s Our Brexit Too: Children\u2019s Rights, Children\u2019s Voices - Ombudsman for Children","robots":{"index":"index","follow":"follow","max-snippet":"max-snippet:-1","max-image-preview":"max-image-preview:large","max-video-preview":"max-video-preview:-1"},"canonical":"https:\/\/www.oco.ie\/ga\/library\/brexit-childrens-rights-childrens-voices\/","og_locale":"ga_IE","og_type":"article","og_title":"It\u2019s Our Brexit Too: Children\u2019s Rights, Children\u2019s Voices - Ombudsman for Children","og_description":"This is a report on the views, hopes and fears of young people, North and South, and is the outcome of a unique cross-border conference hosted by the Ombudsman for Children\u2019s Office and the Northern Ireland ...","og_url":"https:\/\/www.oco.ie\/ga\/library\/brexit-childrens-rights-childrens-voices\/","og_site_name":"Ombudsman for Children","article_publisher":"https:\/\/www.facebook.com\/OCOIreland\/","article_modified_time":"2018-06-21T15:46:08+00:00","og_image":[{"width":601,"height":850,"url":"https:\/\/preprod.oco.ie\/app\/uploads\/2018\/03\/Brexit-Full-Report-cover-image-601x850.jpg","type":"image\/jpeg"}],"twitter_card":"summary_large_image","twitter_site":"@OCO_ireland","twitter_misc":{"Est. reading time":"1 minute"},"schema":{"@context":"https:\/\/schema.org","@graph":[{"@type":"WebPage","@id":"https:\/\/www.oco.ie\/ga\/library\/brexit-childrens-rights-childrens-voices\/","url":"https:\/\/www.oco.ie\/ga\/library\/brexit-childrens-rights-childrens-voices\/","name":"It\u2019s Our Brexit Too: Children\u2019s Rights, Children\u2019s Voices - Ombudsman for Children","isPartOf":{"@id":"https:\/\/preprod.oco.ie\/#website"},"primaryImageOfPage":{"@id":"https:\/\/www.oco.ie\/ga\/library\/brexit-childrens-rights-childrens-voices\/#primaryimage"},"image":{"@id":"https:\/\/www.oco.ie\/ga\/library\/brexit-childrens-rights-childrens-voices\/#primaryimage"},"thumbnailUrl":"https:\/\/www.oco.ie\/app\/uploads\/2018\/03\/Brexit-Full-Report-cover-image.jpg","datePublished":"2018-03-05T00:01:22+00:00","dateModified":"2018-06-21T15:46:08+00:00","breadcrumb":{"@id":"https:\/\/www.oco.ie\/ga\/library\/brexit-childrens-rights-childrens-voices\/#breadcrumb"},"inLanguage":"ga-IE","potentialAction":[{"@type":"ReadAction","target":["https:\/\/www.oco.ie\/ga\/library\/brexit-childrens-rights-childrens-voices\/"]}]},{"@type":"ImageObject","inLanguage":"ga-IE","@id":"https:\/\/www.oco.ie\/ga\/library\/brexit-childrens-rights-childrens-voices\/#primaryimage","url":"https:\/\/www.oco.ie\/app\/uploads\/2018\/03\/Brexit-Full-Report-cover-image.jpg","contentUrl":"https:\/\/www.oco.ie\/app\/uploads\/2018\/03\/Brexit-Full-Report-cover-image.jpg","width":2480,"height":3507},{"@type":"BreadcrumbList","@id":"https:\/\/www.oco.ie\/ga\/library\/brexit-childrens-rights-childrens-voices\/#breadcrumb","itemListElement":[{"@type":"ListItem","position":1,"name":"Baile","item":"https:\/\/www.oco.ie\/ga\/"},{"@type":"ListItem","position":2,"name":"Library","item":"https:\/\/www.oco.ie\/ga\/library\/"},{"@type":"ListItem","position":3,"name":"It\u2019s Our Brexit Too: Children\u2019s Rights, Children\u2019s Voices"}]},{"@type":"WebSite","@id":"https:\/\/preprod.oco.ie\/#website","url":"https:\/\/preprod.oco.ie\/","name":"Ombudsman for Children","description":"The OCO investigates complaints about services provided to children by public organisations. The service is free and independent.","publisher":{"@id":"https:\/\/preprod.oco.ie\/#organization"},"potentialAction":[{"@type":"SearchAction","target":{"@type":"EntryPoint","urlTemplate":"https:\/\/preprod.oco.ie\/?s={search_term_string}"},"query-input":{"@type":"PropertyValueSpecification","valueRequired":true,"valueName":"search_term_string"}}],"inLanguage":"ga-IE"},{"@type":"Organization","@id":"https:\/\/preprod.oco.ie\/#organization","name":"The Ombudsman for Children\u2019s Office","url":"https:\/\/preprod.oco.ie\/","logo":{"@type":"ImageObject","inLanguage":"ga-IE","@id":"https:\/\/preprod.oco.ie\/#\/schema\/logo\/image\/","url":"https:\/\/www.oco.ie\/app\/uploads\/2018\/01\/oco.png","contentUrl":"https:\/\/www.oco.ie\/app\/uploads\/2018\/01\/oco.png","width":228,"height":78,"caption":"The Ombudsman for Children\u2019s Office"},"image":{"@id":"https:\/\/preprod.oco.ie\/#\/schema\/logo\/image\/"},"sameAs":["https:\/\/www.facebook.com\/OCOIreland\/","https:\/\/x.com\/OCO_ireland","https:\/\/www.instagram.com\/ombudsmanforchildren\/","https:\/\/www.youtube.com\/user\/OCOIreland"]}]}},"spectra_custom_meta":{"_edit_lock":["1529595830:6"],"_edit_last":["6"],"documents_0_document_title":["Brexit report"],"_documents_0_document_title":["field_59fb055b2f9db"],"documents_0_document":["2347"],"_documents_0_document":["field_59fb06252f9dc"],"documents_0_document_url":[""],"_documents_0_document_url":["field_59fb33d397757"],"documents_1_document_title":["Brexit report summary"],"_documents_1_document_title":["field_59fb055b2f9db"],"irishCaption":[""],"documents_1_document":["2340"],"_documents_1_document":["field_59fb06252f9dc"],"documents_1_document_url":[""],"_documents_1_document_url":["field_59fb33d397757"],"documents_2_document_title":["Breatimeacht - Tuarasc\u00e1il Achoimre (Gaeilge)"],"_documents_2_document_title":["field_59fb055b2f9db"],"documents_2_document":["2339"],"_documents_2_document":["field_59fb06252f9dc"],"documents_2_document_url":[""],"_documents_2_document_url":["field_59fb33d397757"],"documents":["4"],"_documents":["field_59fb03b22f9da"],"irishTitle":["Is \u00e1r mBreatimeacht \u00e9 freisin: Cearta Leana\u00ed, Guthanna Leana\u00ed"],"irishContent":["<span style=\"font-weight: 400;\">Is toradh comhdh\u00e1la trasteorann uath\u00fail \u00ed an tuarasc\u00e1il \u00a0<\/span><i><span style=\"font-weight: 400;\">'S\u00e9 \u00e1r mBreatimeacht freisin, Guthanna Leana\u00ed'<\/span><\/i><span style=\"font-weight: 400;\"> \u00ed \u00f3st\u00e1ilte ag Oifig Ombudsman do Leana\u00ed agus Coimisin\u00e9ir na Leana\u00ed agus an \u00d3ige Thuaisceart \u00c9ireann. D'eagraigh Gr\u00fapa Sti\u00fartha trasteorann de dhaoine \u00f3ga an chomhdh\u00e1il seo.<\/span>\r\n\r\n<span style=\"font-weight: 400;\">Is \u00e9ard at\u00e1 i gceist leis an tuarasc\u00e1il n\u00e1 dearcaidh 120 duine \u00f3g \u00f3n d\u00e1 thaobh den oile\u00e1n a th\u00e1inig le c\u00e9ile chun tionchar an Bhreatimeachta orthu a phl\u00e9. Is achoimre \u00ed ar na c\u00fains\u00ed agus ar na cosaint\u00ed ar cheart d\u00f3ibh r\u00f3l a imirt i gcinnt\u00ed maidir le hoideachas, cosaint sonra\u00ed, saoirse gluaiseachta, saol teaghlaigh agus sl\u00e1inte.<\/span>\r\n\r\n<span style=\"font-weight: 400;\">Ba \u00e9 gr\u00fapa sti\u00fartha daoine \u00f3ga \u00f3 fud na h\u00c9ireann, idir thuaisceart agus deisceart a d'eagraigh an Chomhdh\u00e1il san I\u00fair m\u00ed na Samhna seo caite agus a rinne \u00ed a sti\u00faradh. Ghlac an T\u00e1naiste Simon Coveney p\u00e1irt sa chomhdh\u00e1il tr\u00ed nasc f\u00edse, agus bh\u00ed Fo-R\u00fana\u00ed St\u00e1it Parlaiminte do Thuaisceart \u00c9ireann Chloe Smyth MP, Mair\u00e9ad McGuinness FPE, Jim Nicholson FPE agus oifigigh shinsearacha \u00f3n d\u00e1 thaobh den oile\u00e1n i l\u00e1thair freisin.<\/span>"],"irishSecondaryTitle":[""],"_yoast_wpseo_primary_resource_type":["10"],"_yoast_wpseo_primary_resource_topic":["18"],"_yoast_wpseo_content_score":["30"],"documents_3_document_title":["Turasc\u00e1il Bhreatimeacht"],"_documents_3_document_title":["field_59fb055b2f9db"],"documents_3_document":["2370"],"_documents_3_document":["field_59fb06252f9dc"],"documents_3_document_url":[""],"_documents_3_document_url":["field_59fb33d397757"],"_thumbnail_id":["2548"],"_sbi_oembed_done_checking":["1"],"_wpml_word_count":["179"],"_uag_page_assets":["a:9:{s:3:\"css\";s:0:\"\";s:2:\"js\";s:0:\"\";s:18:\"current_block_list\";a:0:{}s:8:\"uag_flag\";b:0;s:11:\"uag_version\";s:10:\"1788044688\";s:6:\"gfonts\";a:0:{}s:10:\"gfonts_url\";s:0:\"\";s:12:\"gfonts_files\";a:0:{}s:14:\"uag_faq_layout\";b:0;}"]},"uagb_featured_image_src":{"full":["https:\/\/www.oco.ie\/app\/uploads\/2018\/03\/Brexit-Full-Report-cover-image.jpg",2480,3507,false],"thumbnail":["https:\/\/www.oco.ie\/app\/uploads\/2018\/03\/Brexit-Full-Report-cover-image-150x150.jpg",150,150,true],"medium":["https:\/\/www.oco.ie\/app\/uploads\/2018\/03\/Brexit-Full-Report-cover-image-212x300.jpg",212,300,true],"medium_large":["https:\/\/www.oco.ie\/app\/uploads\/2018\/03\/Brexit-Full-Report-cover-image-768x1086.jpg",768,1086,true],"large":["https:\/\/www.oco.ie\/app\/uploads\/2018\/03\/Brexit-Full-Report-cover-image-601x850.jpg",601,850,true],"1536x1536":["https:\/\/www.oco.ie\/app\/uploads\/2018\/03\/Brexit-Full-Report-cover-image.jpg",1086,1536,false],"2048x2048":["https:\/\/www.oco.ie\/app\/uploads\/2018\/03\/Brexit-Full-Report-cover-image.jpg",1448,2048,false],"post-thumbnail":["https:\/\/www.oco.ie\/app\/uploads\/2018\/03\/Brexit-Full-Report-cover-image-150x150.jpg",150,150,true],"size_150x150":["https:\/\/www.oco.ie\/app\/uploads\/2018\/03\/Brexit-Full-Report-cover-image-150x150.jpg",150,150,true],"gform-image-choice-sm":["https:\/\/www.oco.ie\/app\/uploads\/2018\/03\/Brexit-Full-Report-cover-image.jpg",212,300,false],"gform-image-choice-md":["https:\/\/www.oco.ie\/app\/uploads\/2018\/03\/Brexit-Full-Report-cover-image.jpg",283,400,false],"gform-image-choice-lg":["https:\/\/www.oco.ie\/app\/uploads\/2018\/03\/Brexit-Full-Report-cover-image.jpg",424,600,false]},"uagb_author_info":{"display_name":"fusio","author_link":"https:\/\/www.oco.ie\/ga\/news\/author\/fusio\/"},"uagb_comment_info":0,"uagb_excerpt":"This is a report on the views, hopes and fears of young people, North and South, and is the outcome of a unique cross-border conference hosted by the Ombudsman for Children\u2019s Office and the Northern Ireland ...","_links":{"self":[{"href":"https:\/\/www.oco.ie\/ga\/wp-json\/wp\/v2\/library\/2342","targetHints":{"allow":["GET"]}}],"collection":[{"href":"https:\/\/www.oco.ie\/ga\/wp-json\/wp\/v2\/library"}],"about":[{"href":"https:\/\/www.oco.ie\/ga\/wp-json\/wp\/v2\/types\/library"}],"author":[{"embeddable":true,"href":"https:\/\/www.oco.ie\/ga\/wp-json\/wp\/v2\/users\/1"}],"wp:featuredmedia":[{"embeddable":true,"href":"https:\/\/www.oco.ie\/ga\/wp-json\/wp\/v2\/media\/2548"}],"wp:attachment":[{"href":"https:\/\/www.oco.ie\/ga\/wp-json\/wp\/v2\/media?parent=2342"}],"curies":[{"name":"wp","href":"https:\/\/api.w.org\/{rel}","templated":true}]}}