{"id":2171,"date":"2018-01-15T07:23:24","date_gmt":"2018-01-15T07:23:24","guid":{"rendered":"https:\/\/www.oco.ie\/?post_type=library&#038;p=2171"},"modified":"2018-02-14T11:57:10","modified_gmt":"2018-02-14T11:57:10","slug":"mollys-case-tusla-hse-provided-coordinated-supports-child-disability-care-state","status":"publish","type":"library","link":"https:\/\/www.oco.ie\/ga\/library\/mollys-case-tusla-hse-provided-coordinated-supports-child-disability-care-state\/","title":{"rendered":"Molly\u2019s case: How Tusla and the HSE provided and coordinated supports for a child with a disability in the care of the State"},"content":{"rendered":"<p>This report provides details of Molly&#8217;s* case. Molly was born with Down Syndrome and severe autism, and was abandoned at birth by her biological parents. She has grown up with her foster family after being placed there when she was a baby. Molly is dependent on her foster carers in all areas of her care, including feeding, toileting, bathing, and dressing.<\/p>\n<p>Molly\u2019s foster carer made a complaint to us about the level of supports and services being provided by Tusla and the HSE to meet Molly\u2019s needs and support her placement.<\/p>\n<p>We found\u00a0that there was a lack of co-ordination between the two agencies which meant that services and supports provided by both organisations were insufficient.<\/p>\n<p>Following our investigation Tusla committed to undertake a systemic review of the supports and services being offered to children in their care with a moderate to severe disability. They will also identify these children to the HSE to facilitate care planning and joint working for these children.<\/p>\n<p>The HSE has committed to include vulnerable children in state care in their performance indicators under Progressing Disability Services, and to ensure that any assessment procedures consider their specific vulnerability as child in care.<\/p>\n<p>*Names have been changed to protect anonymity<\/p>\n","protected":false},"author":1,"featured_media":2319,"template":"","class_list":["post-2171","library","type-library","status-publish","has-post-thumbnail","hentry","resource_type-investigation","resource_topic-children-in-care","resource_topic-disability"],"acf":[],"yoast_head":"<!-- This site is optimized with the Yoast SEO plugin v28.3 - https:\/\/yoast.com\/product\/yoast-seo-wordpress\/ -->\n<title>Molly\u2019s case: How Tusla and the HSE provided and coordinated supports for a child with a disability in the care of the State - Ombudsman for Children<\/title>\n<meta name=\"robots\" content=\"index, follow, max-snippet:-1, max-image-preview:large, max-video-preview:-1\" \/>\n<link rel=\"canonical\" href=\"https:\/\/www.oco.ie\/ga\/library\/mollys-case-tusla-hse-provided-coordinated-supports-child-disability-care-state\/\" \/>\n<meta property=\"og:locale\" content=\"ga_IE\" \/>\n<meta property=\"og:type\" content=\"article\" \/>\n<meta property=\"og:title\" content=\"Molly\u2019s case: How Tusla and the HSE provided and coordinated supports for a child with a disability in the care of the State - Ombudsman for Children\" \/>\n<meta property=\"og:description\" content=\"This report provides details of Molly&#8217;s* case. Molly was born with Down Syndrome and severe autism, and was abandoned at birth by her biological parents. She has grown up with her foster family after being placed ...\" \/>\n<meta property=\"og:url\" content=\"https:\/\/www.oco.ie\/ga\/library\/mollys-case-tusla-hse-provided-coordinated-supports-child-disability-care-state\/\" \/>\n<meta property=\"og:site_name\" content=\"Ombudsman for Children\" \/>\n<meta property=\"article:publisher\" content=\"https:\/\/www.facebook.com\/OCOIreland\/\" \/>\n<meta property=\"article:modified_time\" content=\"2018-02-14T11:57:10+00:00\" \/>\n<meta property=\"og:image\" content=\"https:\/\/preprod.oco.ie\/app\/uploads\/2018\/01\/mollys-case.png\" \/>\n\t<meta property=\"og:image:width\" content=\"300\" \/>\n\t<meta property=\"og:image:height\" content=\"300\" \/>\n\t<meta property=\"og:image:type\" content=\"image\/png\" \/>\n<meta name=\"twitter:card\" content=\"summary_large_image\" \/>\n<meta name=\"twitter:site\" content=\"@OCO_ireland\" \/>\n<meta name=\"twitter:label1\" content=\"Est. reading time\" \/>\n\t<meta name=\"twitter:data1\" content=\"1 minute\" \/>\n<script type=\"application\/ld+json\" class=\"yoast-schema-graph\">{\"@context\":\"https:\\\/\\\/schema.org\",\"@graph\":[{\"@type\":\"WebPage\",\"@id\":\"https:\\\/\\\/www.oco.ie\\\/ga\\\/library\\\/mollys-case-tusla-hse-provided-coordinated-supports-child-disability-care-state\\\/\",\"url\":\"https:\\\/\\\/www.oco.ie\\\/ga\\\/library\\\/mollys-case-tusla-hse-provided-coordinated-supports-child-disability-care-state\\\/\",\"name\":\"Molly\u2019s case: How Tusla and the HSE provided and coordinated supports for a child with a disability in the care of the State - Ombudsman for Children\",\"isPartOf\":{\"@id\":\"https:\\\/\\\/preprod.oco.ie\\\/#website\"},\"primaryImageOfPage\":{\"@id\":\"https:\\\/\\\/www.oco.ie\\\/ga\\\/library\\\/mollys-case-tusla-hse-provided-coordinated-supports-child-disability-care-state\\\/#primaryimage\"},\"image\":{\"@id\":\"https:\\\/\\\/www.oco.ie\\\/ga\\\/library\\\/mollys-case-tusla-hse-provided-coordinated-supports-child-disability-care-state\\\/#primaryimage\"},\"thumbnailUrl\":\"https:\\\/\\\/www.oco.ie\\\/app\\\/uploads\\\/2018\\\/01\\\/mollys-case.png\",\"datePublished\":\"2018-01-15T07:23:24+00:00\",\"dateModified\":\"2018-02-14T11:57:10+00:00\",\"breadcrumb\":{\"@id\":\"https:\\\/\\\/www.oco.ie\\\/ga\\\/library\\\/mollys-case-tusla-hse-provided-coordinated-supports-child-disability-care-state\\\/#breadcrumb\"},\"inLanguage\":\"ga-IE\",\"potentialAction\":[{\"@type\":\"ReadAction\",\"target\":[\"https:\\\/\\\/www.oco.ie\\\/ga\\\/library\\\/mollys-case-tusla-hse-provided-coordinated-supports-child-disability-care-state\\\/\"]}]},{\"@type\":\"ImageObject\",\"inLanguage\":\"ga-IE\",\"@id\":\"https:\\\/\\\/www.oco.ie\\\/ga\\\/library\\\/mollys-case-tusla-hse-provided-coordinated-supports-child-disability-care-state\\\/#primaryimage\",\"url\":\"https:\\\/\\\/www.oco.ie\\\/app\\\/uploads\\\/2018\\\/01\\\/mollys-case.png\",\"contentUrl\":\"https:\\\/\\\/www.oco.ie\\\/app\\\/uploads\\\/2018\\\/01\\\/mollys-case.png\",\"width\":300,\"height\":300},{\"@type\":\"BreadcrumbList\",\"@id\":\"https:\\\/\\\/www.oco.ie\\\/ga\\\/library\\\/mollys-case-tusla-hse-provided-coordinated-supports-child-disability-care-state\\\/#breadcrumb\",\"itemListElement\":[{\"@type\":\"ListItem\",\"position\":1,\"name\":\"Baile\",\"item\":\"https:\\\/\\\/www.oco.ie\\\/ga\\\/\"},{\"@type\":\"ListItem\",\"position\":2,\"name\":\"Library\",\"item\":\"https:\\\/\\\/www.oco.ie\\\/ga\\\/library\\\/\"},{\"@type\":\"ListItem\",\"position\":3,\"name\":\"Molly\u2019s case: How Tusla and the HSE provided and coordinated supports for a child with a disability in the care of the State\"}]},{\"@type\":\"WebSite\",\"@id\":\"https:\\\/\\\/preprod.oco.ie\\\/#website\",\"url\":\"https:\\\/\\\/preprod.oco.ie\\\/\",\"name\":\"Ombudsman for Children\",\"description\":\"The OCO investigates complaints about services provided to children by public organisations. The service is free and independent.\",\"publisher\":{\"@id\":\"https:\\\/\\\/preprod.oco.ie\\\/#organization\"},\"potentialAction\":[{\"@type\":\"SearchAction\",\"target\":{\"@type\":\"EntryPoint\",\"urlTemplate\":\"https:\\\/\\\/preprod.oco.ie\\\/?s={search_term_string}\"},\"query-input\":{\"@type\":\"PropertyValueSpecification\",\"valueRequired\":true,\"valueName\":\"search_term_string\"}}],\"inLanguage\":\"ga-IE\"},{\"@type\":\"Organization\",\"@id\":\"https:\\\/\\\/preprod.oco.ie\\\/#organization\",\"name\":\"The Ombudsman for Children\u2019s Office\",\"url\":\"https:\\\/\\\/preprod.oco.ie\\\/\",\"logo\":{\"@type\":\"ImageObject\",\"inLanguage\":\"ga-IE\",\"@id\":\"https:\\\/\\\/preprod.oco.ie\\\/#\\\/schema\\\/logo\\\/image\\\/\",\"url\":\"https:\\\/\\\/www.oco.ie\\\/app\\\/uploads\\\/2018\\\/01\\\/oco.png\",\"contentUrl\":\"https:\\\/\\\/www.oco.ie\\\/app\\\/uploads\\\/2018\\\/01\\\/oco.png\",\"width\":228,\"height\":78,\"caption\":\"The Ombudsman for Children\u2019s Office\"},\"image\":{\"@id\":\"https:\\\/\\\/preprod.oco.ie\\\/#\\\/schema\\\/logo\\\/image\\\/\"},\"sameAs\":[\"https:\\\/\\\/www.facebook.com\\\/OCOIreland\\\/\",\"https:\\\/\\\/x.com\\\/OCO_ireland\",\"https:\\\/\\\/www.instagram.com\\\/ombudsmanforchildren\\\/\",\"https:\\\/\\\/www.youtube.com\\\/user\\\/OCOIreland\"]}]}<\/script>\n<!-- \/ Yoast SEO plugin. -->","yoast_head_json":{"title":"Molly\u2019s case: How Tusla and the HSE provided and coordinated supports for a child with a disability in the care of the State - Ombudsman for Children","robots":{"index":"index","follow":"follow","max-snippet":"max-snippet:-1","max-image-preview":"max-image-preview:large","max-video-preview":"max-video-preview:-1"},"canonical":"https:\/\/www.oco.ie\/ga\/library\/mollys-case-tusla-hse-provided-coordinated-supports-child-disability-care-state\/","og_locale":"ga_IE","og_type":"article","og_title":"Molly\u2019s case: How Tusla and the HSE provided and coordinated supports for a child with a disability in the care of the State - Ombudsman for Children","og_description":"This report provides details of Molly&#8217;s* case. Molly was born with Down Syndrome and severe autism, and was abandoned at birth by her biological parents. She has grown up with her foster family after being placed ...","og_url":"https:\/\/www.oco.ie\/ga\/library\/mollys-case-tusla-hse-provided-coordinated-supports-child-disability-care-state\/","og_site_name":"Ombudsman for Children","article_publisher":"https:\/\/www.facebook.com\/OCOIreland\/","article_modified_time":"2018-02-14T11:57:10+00:00","og_image":[{"width":300,"height":300,"url":"https:\/\/preprod.oco.ie\/app\/uploads\/2018\/01\/mollys-case.png","type":"image\/png"}],"twitter_card":"summary_large_image","twitter_site":"@OCO_ireland","twitter_misc":{"Est. reading time":"1 minute"},"schema":{"@context":"https:\/\/schema.org","@graph":[{"@type":"WebPage","@id":"https:\/\/www.oco.ie\/ga\/library\/mollys-case-tusla-hse-provided-coordinated-supports-child-disability-care-state\/","url":"https:\/\/www.oco.ie\/ga\/library\/mollys-case-tusla-hse-provided-coordinated-supports-child-disability-care-state\/","name":"Molly\u2019s case: How Tusla and the HSE provided and coordinated supports for a child with a disability in the care of the State - Ombudsman for Children","isPartOf":{"@id":"https:\/\/preprod.oco.ie\/#website"},"primaryImageOfPage":{"@id":"https:\/\/www.oco.ie\/ga\/library\/mollys-case-tusla-hse-provided-coordinated-supports-child-disability-care-state\/#primaryimage"},"image":{"@id":"https:\/\/www.oco.ie\/ga\/library\/mollys-case-tusla-hse-provided-coordinated-supports-child-disability-care-state\/#primaryimage"},"thumbnailUrl":"https:\/\/www.oco.ie\/app\/uploads\/2018\/01\/mollys-case.png","datePublished":"2018-01-15T07:23:24+00:00","dateModified":"2018-02-14T11:57:10+00:00","breadcrumb":{"@id":"https:\/\/www.oco.ie\/ga\/library\/mollys-case-tusla-hse-provided-coordinated-supports-child-disability-care-state\/#breadcrumb"},"inLanguage":"ga-IE","potentialAction":[{"@type":"ReadAction","target":["https:\/\/www.oco.ie\/ga\/library\/mollys-case-tusla-hse-provided-coordinated-supports-child-disability-care-state\/"]}]},{"@type":"ImageObject","inLanguage":"ga-IE","@id":"https:\/\/www.oco.ie\/ga\/library\/mollys-case-tusla-hse-provided-coordinated-supports-child-disability-care-state\/#primaryimage","url":"https:\/\/www.oco.ie\/app\/uploads\/2018\/01\/mollys-case.png","contentUrl":"https:\/\/www.oco.ie\/app\/uploads\/2018\/01\/mollys-case.png","width":300,"height":300},{"@type":"BreadcrumbList","@id":"https:\/\/www.oco.ie\/ga\/library\/mollys-case-tusla-hse-provided-coordinated-supports-child-disability-care-state\/#breadcrumb","itemListElement":[{"@type":"ListItem","position":1,"name":"Baile","item":"https:\/\/www.oco.ie\/ga\/"},{"@type":"ListItem","position":2,"name":"Library","item":"https:\/\/www.oco.ie\/ga\/library\/"},{"@type":"ListItem","position":3,"name":"Molly\u2019s case: How Tusla and the HSE provided and coordinated supports for a child with a disability in the care of the State"}]},{"@type":"WebSite","@id":"https:\/\/preprod.oco.ie\/#website","url":"https:\/\/preprod.oco.ie\/","name":"Ombudsman for Children","description":"The OCO investigates complaints about services provided to children by public organisations. The service is free and independent.","publisher":{"@id":"https:\/\/preprod.oco.ie\/#organization"},"potentialAction":[{"@type":"SearchAction","target":{"@type":"EntryPoint","urlTemplate":"https:\/\/preprod.oco.ie\/?s={search_term_string}"},"query-input":{"@type":"PropertyValueSpecification","valueRequired":true,"valueName":"search_term_string"}}],"inLanguage":"ga-IE"},{"@type":"Organization","@id":"https:\/\/preprod.oco.ie\/#organization","name":"The Ombudsman for Children\u2019s Office","url":"https:\/\/preprod.oco.ie\/","logo":{"@type":"ImageObject","inLanguage":"ga-IE","@id":"https:\/\/preprod.oco.ie\/#\/schema\/logo\/image\/","url":"https:\/\/www.oco.ie\/app\/uploads\/2018\/01\/oco.png","contentUrl":"https:\/\/www.oco.ie\/app\/uploads\/2018\/01\/oco.png","width":228,"height":78,"caption":"The Ombudsman for Children\u2019s Office"},"image":{"@id":"https:\/\/preprod.oco.ie\/#\/schema\/logo\/image\/"},"sameAs":["https:\/\/www.facebook.com\/OCOIreland\/","https:\/\/x.com\/OCO_ireland","https:\/\/www.instagram.com\/ombudsmanforchildren\/","https:\/\/www.youtube.com\/user\/OCOIreland"]}]}},"spectra_custom_meta":{"_edit_lock":["1518609456:1"],"_edit_last":["1"],"documents":["1"],"_documents":["field_59fb03b22f9da"],"irishTitle":["Sol\u00e1thra\u00edtear sa tuarasc\u00e1il seo sonra\u00ed faoi ch\u00e1s Molly*"],"irishContent":["Sol\u00e1thra\u00edtear sa tuarasc\u00e1il seo sonra\u00ed faoi ch\u00e1s Molly*. Bh\u00ed Siondr\u00f3m Down agus uathachas trom ar Molly nuair a rugadh \u00ed, agus thr\u00e9igh a tuismitheoir\u00ed fola \u00ed nuair a rugadh \u00ed. D\u2019fh\u00e1s s\u00ed an\u00edos lena teaghlach altrama i ndiaidh gur cuireadh ansin \u00ed nuair a bh\u00ed s\u00ed ina leanbh. Braitheann Molly ar a c\u00faram\u00f3ir\u00ed altrama i ngach limist\u00e9ar d\u00e1 c\u00faram, beath\u00fa, dul chuig an leithreas, folcadh agus gl\u00e9asadh ina measc.\r\n\r\nRinne a c\u00faram\u00f3ir altrama gear\u00e1n linn faoin leibh\u00e9al taca\u00edochta\u00ed agus seirbh\u00eds\u00ed a bh\u00ed \u00e1 sol\u00e1thar ag Tusla agus FSS chun freastal ar riachtanais Molly agus tac\u00fa lena socr\u00fach\u00e1n.\r\n\r\nChonacthas go raibh easpa comhord\u00fa ann idir an d\u00e1 ghn\u00edomhaireacht agus n\u00edor leor na seirbh\u00eds\u00ed agus na taca\u00edochta\u00ed a shol\u00e1thair an d\u00e1 eagra\u00edocht d\u00e1 bharr.\r\n\r\n&nbsp;\r\n\r\nI ndiaidh \u00e1r n-imscr\u00fad\u00fa a dh\u00e9anamh, gheall Tusla chun tabhairt faoi athbhreithni\u00fa sist\u00e9amach ar na taca\u00edochta\u00ed agus seirbh\u00eds\u00ed at\u00e1 \u00e1 gcur ar f\u00e1il do leana\u00ed at\u00e1 faoina gc\u00faram at\u00e1 faoi mh\u00edchumas idir measartha agus trom. D\u00e9anfaidh siad na leana\u00ed seo a chur in i\u00fal do FSS, chomh maith, chun plean\u00e1il c\u00faraim agus comhoibri\u00fa a \u00e9asc\u00fa do na leana\u00ed seo.\r\n\r\n&nbsp;\r\n\r\nGheall FSS chun leana\u00ed leochaileacha a thabhairt san \u00e1ireamh i gc\u00faram an st\u00e1it ina dt\u00e1scair\u00ed feidhm\u00edochta faoi Sheirbh\u00eds\u00ed M\u00edchumais a Chur chun Cinn, agus lena chinnti\u00fa go nd\u00e9anann aon n\u00f3sanna imeachta meas\u00fanaithe breithni\u00fa ar a leochaileacht shonrach mar leanbh i gc\u00faram.\r\n\r\n&nbsp;\r\n\r\n*Athra\u00edodh ainmneacha chun neamhainmn\u00edocht a chosaint"],"irishSecondaryTitle":[""],"_secondary_title":[""],"_yoast_wpseo_primary_resource_type":["14"],"_yoast_wpseo_primary_resource_topic":["26"],"_yoast_wpseo_content_score":["30"],"documents_0_document_title":["Molly\u2019s* case: How Tusla and the HSE provided and coordinated supports for a child with a disability in the care of the State"],"_documents_0_document_title":["field_59fb055b2f9db"],"irishCaption":[""],"documents_0_document":["2170"],"_documents_0_document":["field_59fb06252f9dc"],"documents_0_document_url":[""],"_documents_0_document_url":["field_59fb33d397757"],"documents_0_document_image":[""],"_documents_0_document_image":["field_59fb065a2f9dd"],"_thumbnail_id":["2319"],"_sbi_oembed_done_checking":["1"],"_wpml_word_count":["236"],"_uag_page_assets":["a:9:{s:3:\"css\";s:0:\"\";s:2:\"js\";s:0:\"\";s:18:\"current_block_list\";a:0:{}s:8:\"uag_flag\";b:0;s:11:\"uag_version\";s:10:\"1788044692\";s:6:\"gfonts\";a:0:{}s:10:\"gfonts_url\";s:0:\"\";s:12:\"gfonts_files\";a:0:{}s:14:\"uag_faq_layout\";b:0;}"]},"uagb_featured_image_src":{"full":["https:\/\/www.oco.ie\/app\/uploads\/2018\/01\/mollys-case.png",300,300,false],"thumbnail":["https:\/\/www.oco.ie\/app\/uploads\/2018\/01\/mollys-case-150x150.png",150,150,true],"medium":["https:\/\/www.oco.ie\/app\/uploads\/2018\/01\/mollys-case.png",300,300,false],"medium_large":["https:\/\/www.oco.ie\/app\/uploads\/2018\/01\/mollys-case.png",300,300,false],"large":["https:\/\/www.oco.ie\/app\/uploads\/2018\/01\/mollys-case.png",300,300,false],"1536x1536":["https:\/\/www.oco.ie\/app\/uploads\/2018\/01\/mollys-case.png",300,300,false],"2048x2048":["https:\/\/www.oco.ie\/app\/uploads\/2018\/01\/mollys-case.png",300,300,false],"post-thumbnail":["https:\/\/www.oco.ie\/app\/uploads\/2018\/01\/mollys-case-150x150.png",150,150,true],"size_150x150":["https:\/\/www.oco.ie\/app\/uploads\/2018\/01\/mollys-case-150x150.png",150,150,true],"gform-image-choice-sm":["https:\/\/www.oco.ie\/app\/uploads\/2018\/01\/mollys-case.png",300,300,false],"gform-image-choice-md":["https:\/\/www.oco.ie\/app\/uploads\/2018\/01\/mollys-case.png",300,300,false],"gform-image-choice-lg":["https:\/\/www.oco.ie\/app\/uploads\/2018\/01\/mollys-case.png",300,300,false]},"uagb_author_info":{"display_name":"fusio","author_link":"https:\/\/www.oco.ie\/ga\/news\/author\/fusio\/"},"uagb_comment_info":0,"uagb_excerpt":"This report provides details of Molly&#8217;s* case. Molly was born with Down Syndrome and severe autism, and was abandoned at birth by her biological parents. She has grown up with her foster family after being placed ...","_links":{"self":[{"href":"https:\/\/www.oco.ie\/ga\/wp-json\/wp\/v2\/library\/2171","targetHints":{"allow":["GET"]}}],"collection":[{"href":"https:\/\/www.oco.ie\/ga\/wp-json\/wp\/v2\/library"}],"about":[{"href":"https:\/\/www.oco.ie\/ga\/wp-json\/wp\/v2\/types\/library"}],"author":[{"embeddable":true,"href":"https:\/\/www.oco.ie\/ga\/wp-json\/wp\/v2\/users\/1"}],"wp:featuredmedia":[{"embeddable":true,"href":"https:\/\/www.oco.ie\/ga\/wp-json\/wp\/v2\/media\/2319"}],"wp:attachment":[{"href":"https:\/\/www.oco.ie\/ga\/wp-json\/wp\/v2\/media?parent=2171"}],"curies":[{"name":"wp","href":"https:\/\/api.w.org\/{rel}","templated":true}]}}